{"id":6725,"date":"2025-08-27T11:28:39","date_gmt":"2025-08-27T14:28:39","guid":{"rendered":"https:\/\/www.protea.org.br\/?page_id=6725"},"modified":"2026-08-10T10:30:54","modified_gmt":"2026-08-10T13:30:54","slug":"pedal-pela-cura-protea","status":"publish","type":"page","link":"https:\/\/www.protea.org.br\/en\/pedal-pela-cura-protea\/","title":{"rendered":"Pedal Pela Cura Protea"},"content":{"rendered":"<div data-elementor-type=\"wp-page\" data-elementor-id=\"6725\" class=\"elementor elementor-6725\" data-elementor-post-type=\"page\">\n\t\t\t\t<div class=\"elementor-element elementor-element-539bd28 e-con-full e-flex e-con e-parent\" data-id=\"539bd28\" data-element_type=\"container\" data-e-type=\"container\" data-settings=\"{&quot;background_background&quot;:&quot;classic&quot;}\">\n\t\t<div class=\"elementor-element elementor-element-c480e4d e-flex e-con-boxed e-con e-child\" data-id=\"c480e4d\" data-element_type=\"container\" data-e-type=\"container\">\n\t\t\t\t\t<div class=\"e-con-inner\">\n\t\t<div class=\"elementor-element elementor-element-3a60c6b e-con-full e-flex e-con e-child\" data-id=\"3a60c6b\" data-element_type=\"container\" data-e-type=\"container\">\n\t\t\t\t<div class=\"elementor-element elementor-element-b007d53 elementor-widget elementor-widget-text-editor\" data-id=\"b007d53\" data-element_type=\"widget\" data-e-type=\"widget\" data-widget_type=\"text-editor.default\">\n\t\t\t\t<div class=\"elementor-widget-container\">\n\t\t\t\t\t\t\t\t\t<p>Pedal Pela Cura Protea<\/p>\t\t\t\t\t\t\t\t<\/div>\n\t\t\t\t<\/div>\n\t\t\t\t<div class=\"elementor-element elementor-element-d251c54 elementor-widget elementor-widget-text-editor\" data-id=\"d251c54\" data-element_type=\"widget\" data-e-type=\"widget\" data-widget_type=\"text-editor.default\">\n\t\t\t\t<div class=\"elementor-widget-container\">\n\t\t\t\t\t\t\t\t\t<p style=\"font-weight: 400;\">O Desafio de Ciclismo do Protea \u00e9 realizado anualmente em outubro, e conta 400 inscritos, entre homens e mulheres.<\/p>\t\t\t\t\t\t\t\t<\/div>\n\t\t\t\t<\/div>\n\t\t\t\t<\/div>\n\t\t\t\t\t<\/div>\n\t\t\t\t<\/div>\n\t\t\t\t<\/div>\n\t\t<div class=\"elementor-element elementor-element-d53a3bf elementor-hidden-desktop elementor-hidden-tablet elementor-hidden-mobile e-flex e-con-boxed e-con e-parent\" data-id=\"d53a3bf\" data-element_type=\"container\" data-e-type=\"container\">\n\t\t\t\t\t<div class=\"e-con-inner\">\n\t\t<div class=\"elementor-element elementor-element-0827129 e-con-full e-flex e-con e-child\" data-id=\"0827129\" data-element_type=\"container\" data-e-type=\"container\" data-settings=\"{&quot;background_background&quot;:&quot;classic&quot;}\">\n\t\t\t\t<div class=\"elementor-element elementor-element-2c13da5 accordion-up elementor-widget elementor-widget-n-accordion\" data-id=\"2c13da5\" data-element_type=\"widget\" data-e-type=\"widget\" data-settings=\"{&quot;default_state&quot;:&quot;all_collapsed&quot;,&quot;n_accordion_animation_duration&quot;:{&quot;unit&quot;:&quot;ms&quot;,&quot;size&quot;:300,&quot;sizes&quot;:[]},&quot;max_items_expended&quot;:&quot;one&quot;}\" data-widget_type=\"nested-accordion.default\">\n\t\t\t\t<div class=\"elementor-widget-container\">\n\t\t\t\t\t\t\t<div class=\"e-n-accordion\" aria-label=\"Accordion. Open links with Enter or Space, close with Escape, and navigate with Arrow Keys\">\n\t\t\t\t\t\t<details id=\"e-n-accordion-item-4620\" class=\"e-n-accordion-item\" >\n\t\t\t\t<summary class=\"e-n-accordion-item-title\" data-accordion-index=\"1\" tabindex=\"0\" aria-expanded=\"false\" aria-controls=\"e-n-accordion-item-4620\" >\n\t\t\t\t\t<span class='e-n-accordion-item-title-header'><div class=\"e-n-accordion-item-title-text\"> Donate  <\/div><\/span>\n\t\t\t\t\t\t\t<span class='e-n-accordion-item-title-icon'>\n\t\t\t<span class='e-opened' ><i aria-hidden=\"true\" class=\"fas fa-angle-down\"><\/i><\/span>\n\t\t\t<span class='e-closed'><i aria-hidden=\"true\" class=\"fas fa-angle-up\"><\/i><\/span>\n\t\t<\/span>\n\n\t\t\t\t\t\t<\/summary>\n\t\t\t\t<div role=\"region\" aria-labelledby=\"e-n-accordion-item-4620\" class=\"elementor-element elementor-element-ed8062f e-con-full e-flex e-con e-child\" data-id=\"ed8062f\" data-element_type=\"container\" data-e-type=\"container\" data-settings=\"{&quot;background_background&quot;:&quot;classic&quot;}\">\n\t\t<div role=\"region\" aria-labelledby=\"e-n-accordion-item-4620\" class=\"elementor-element elementor-element-e956ddb e-flex e-con-boxed e-con e-child\" data-id=\"e956ddb\" data-element_type=\"container\" data-e-type=\"container\">\n\t\t\t\t\t<div class=\"e-con-inner\">\n\t\t\t\t<div class=\"elementor-element elementor-element-63de67d e-n-tabs-mobile elementor-widget elementor-widget-n-tabs\" data-id=\"63de67d\" data-element_type=\"widget\" data-e-type=\"widget\" data-settings=\"{&quot;tabs_justify_horizontal&quot;:&quot;stretch&quot;,&quot;horizontal_scroll&quot;:&quot;disable&quot;}\" data-widget_type=\"nested-tabs.default\">\n\t\t\t\t<div class=\"elementor-widget-container\">\n\t\t\t\t\t\t\t<div class=\"e-n-tabs\" data-widget-number=\"104719997\" aria-label=\"Tabs. Open items with Enter or Space, close with Escape and navigate using the Arrow keys.\">\n\t\t\t<div class=\"e-n-tabs-heading\" role=\"tablist\">\n\t\t\t\t\t<button id=\"e-n-tab-title-1047199971\" data-tab-title-id=\"e-n-tab-title-1047199971\" class=\"e-n-tab-title\" aria-selected=\"true\" data-tab-index=\"1\" role=\"tab\" tabindex=\"0\" aria-controls=\"e-n-tab-content-1047199971\" style=\"--n-tabs-title-order: 1;\">\n\t\t\t\t\t\t<span class=\"e-n-tab-title-text\">\n\t\t\t\t\t\t\t<\/span>\n\t\t<\/button>\n\t\t\t\t\t<\/div>\n\t\t\t<div class=\"e-n-tabs-content\">\n\t\t\t\t<div role=\"region tabpanel\" aria-labelledby=\"e-n-accordion-item-4620 e-n-tab-title-1047199971\" id=\"e-n-tab-content-1047199971\" data-tab-index=\"1\" style=\"--n-tabs-title-order: 1;\" class=\"e-active elementor-element elementor-element-a08a054 e-con-full e-flex e-con e-child\" data-id=\"a08a054\" data-element_type=\"container\" data-e-type=\"container\">\n\t\t<div role=\"region\" aria-labelledby=\"e-n-accordion-item-4620\" class=\"elementor-element elementor-element-f79f76c e-flex e-con-boxed e-con e-child\" data-id=\"f79f76c\" data-element_type=\"container\" data-e-type=\"container\">\n\t\t\t\t\t<div class=\"e-con-inner\">\n\t\t\t\t<div class=\"elementor-element elementor-element-bdfb974 elementor-widget elementor-widget-image\" data-id=\"bdfb974\" data-element_type=\"widget\" data-e-type=\"widget\" data-widget_type=\"image.default\">\n\t\t\t\t<div class=\"elementor-widget-container\">\n\t\t\t\t\t\t\t\t\t\t\t\t\t\t\t<img fetchpriority=\"high\" decoding=\"async\" width=\"700\" height=\"305\" src=\"https:\/\/www.protea.org.br\/wp-content\/uploads\/2026\/03\/transfer-amount.jpg\" class=\"attachment-large size-large wp-image-5828\" alt=\"\" srcset=\"https:\/\/www.protea.org.br\/wp-content\/uploads\/2026\/03\/transfer-amount.jpg 700w, https:\/\/www.protea.org.br\/wp-content\/uploads\/2026\/03\/transfer-amount-300x131.jpg 300w, https:\/\/www.protea.org.br\/wp-content\/uploads\/2026\/03\/transfer-amount-18x8.jpg 18w\" sizes=\"(max-width: 700px) 100vw, 700px\" \/>\t\t\t\t\t\t\t\t\t\t\t\t\t\t\t<\/div>\n\t\t\t\t<\/div>\n\t\t\t\t<div class=\"elementor-element elementor-element-8cb61f0 elementor-widget elementor-widget-html\" data-id=\"8cb61f0\" data-element_type=\"widget\" data-e-type=\"widget\" data-widget_type=\"html.default\">\n\t\t\t\t<div class=\"elementor-widget-container\">\n\t\t\t\t\t<div style=\"display: flex; align-items: center; gap: 10px;\">\n  <label style=\"font-weight: bold;\">PIX<\/label>\n  <input type=\"text\" id=\"pixCode\" value=\"30817976000112\" readonly style=\"padding: 8px 12px; font-size: 16px; border: 1px solid #ddd; border-radius: 6px; width: 160px;\">\n  <button onclick=\"copyPix()\" \n    style=\"background-color: black; color: white; padding: 8px 16px; font-size: 16px; border: none; border-radius: 6px; cursor: pointer;\">\n    Copy\n  <\/button>\n<\/div>\n\n<script>\nfunction copyPix() {\n  var copyText = document.getElementById(\"pixCode\");\n  copyText.select();\n  copyText.setSelectionRange(0, 99999); \/\/ para mobile\n  navigator.clipboard.writeText(copyText.value).then(function() {\n    alert(\"C\u00f3digo PIX copiado!\");\n  });\n}\n<\/script>\t\t\t\t<\/div>\n\t\t\t\t<\/div>\n\t\t\t\t\t<\/div>\n\t\t\t\t<\/div>\n\t\t\t\t<\/div>\n\t\t\t\t\t<\/div>\n\t\t<\/div>\n\t\t\t\t\t\t<\/div>\n\t\t\t\t<\/div>\n\t\t\t\t\t<\/div>\n\t\t\t\t<\/div>\n\t\t\t\t<\/div>\n\t\t\t\t\t<\/details>\n\t\t\t\t\t<\/div>\n\t\t\t\t\t\t<\/div>\n\t\t\t\t<\/div>\n\t\t\t\t<\/div>\n\t\t\t\t\t<\/div>\n\t\t\t\t<\/div>\n\t\t<div class=\"elementor-element elementor-element-9fa0ba4 e-con-full e-flex e-con e-parent\" data-id=\"9fa0ba4\" data-element_type=\"container\" data-e-type=\"container\" data-settings=\"{&quot;background_background&quot;:&quot;classic&quot;}\">\n\t\t<div class=\"elementor-element elementor-element-bbc3a4e e-flex e-con-boxed e-con e-child\" data-id=\"bbc3a4e\" data-element_type=\"container\" data-e-type=\"container\">\n\t\t\t\t\t<div class=\"e-con-inner\">\n\t\t<div class=\"elementor-element elementor-element-a33df68 e-con-full e-flex e-con e-child\" data-id=\"a33df68\" data-element_type=\"container\" data-e-type=\"container\">\n\t\t\t\t<div class=\"elementor-element elementor-element-778e36c elementor-widget elementor-widget-text-editor\" data-id=\"778e36c\" data-element_type=\"widget\" data-e-type=\"widget\" data-widget_type=\"text-editor.default\">\n\t\t\t\t<div class=\"elementor-widget-container\">\n\t\t\t\t\t\t\t\t\t<div class=\"block-canvas-cover\"><div class=\"collaborators-overlay-full\"><strong>A edi\u00e7\u00e3o 2026 do Pedal pela Cura est\u00e1 chegando!<\/strong><\/div><div class=\"collaborators-overlay-full\">Ser\u00e3o mais de 500 ciclistas e 24 assessorias esportivas pedalando por uma \u00fanica causa, na Estrada dos Romeiros: reduzir o tempo de espera de mulheres para o diagn\u00f3stico e tratamento do c\u00e2ncer de mama e ampliar suas chances de cura.<\/div><\/div><div class=\"is-root-container is-desktop-preview is-layout-flow wp-block-post-content-is-layout-flow wp-block-post-content block-editor-block-list__layout\" data-is-drop-zone=\"true\"><p id=\"block-664d720c-ed89-4324-9086-ef9888fc6e8d\" class=\"block-editor-rich-text__editable block-editor-block-list__block wp-block wp-block-paragraph rich-text\" role=\"document\" contenteditable=\"true\" aria-multiline=\"true\" aria-readonly=\"false\" aria-label=\"Bloco: Par\u00e1grafo\" data-block=\"664d720c-ed89-4324-9086-ef9888fc6e8d\" data-type=\"core\/paragraph\" data-title=\"Par\u00e1grafo\" data-empty=\"false\" data-wp-block-attribute-key=\"content\">Vista essa causa com a gente!<\/p><p id=\"block-03244d7c-9b2c-4fe7-b490-ea868fcf2588\" class=\"block-editor-rich-text__editable block-editor-block-list__block wp-block wp-block-paragraph rich-text\" role=\"document\" contenteditable=\"true\" aria-multiline=\"true\" aria-readonly=\"false\" aria-label=\"Bloco: Par\u00e1grafo\" data-block=\"03244d7c-9b2c-4fe7-b490-ea868fcf2588\" data-type=\"core\/paragraph\" data-title=\"Par\u00e1grafo\" data-empty=\"false\" data-wp-block-attribute-key=\"content\">A Jersey Oficial do Pedal pela Cura \u00e9 muito mais do que um uniforme. Cada pe\u00e7a vendida viabiliza uma consulta + mamografia para uma mulher que precisa de acesso mais r\u00e1pido ao diagn\u00f3stico.<\/p><h4 id=\"block-fa3e1b3e-acf9-4f09-98fc-49ab5277e184\" class=\"block-editor-rich-text__editable block-editor-block-list__block wp-block wp-elements-0 has-text-color has-link-color wp-block-heading rich-text\" role=\"document\" contenteditable=\"true\" aria-multiline=\"true\" aria-readonly=\"false\" aria-label=\"Bloco: T\u00edtulo 4\" data-block=\"fa3e1b3e-acf9-4f09-98fc-49ab5277e184\" data-type=\"core\/heading\" data-title=\"T\u00edtulo 4\" data-wp-block-attribute-key=\"content\">Pr\u00e9-venda aberta: de 27\/07\/26 a 31\/08\/26<br \/>In\u00edcio das entregas: a partir de 10\/10\/26<br \/><strong>Garanta a sua e pedale por essa causa!<\/strong><\/h4><p><strong>Dia:<\/strong> 24 de outubro, a partir das 07h<br data-rich-text-line-break=\"true\" \/><strong>Local:<\/strong> Estrada dos Romeiros &#8211; SP | <strong>Voturuna Life Park<\/strong><\/p><p><\/p><\/div>\t\t\t\t\t\t\t\t<\/div>\n\t\t\t\t<\/div>\n\t\t\t\t<div class=\"elementor-element elementor-element-a11857f elementor-widget elementor-widget-button\" data-id=\"a11857f\" data-element_type=\"widget\" data-e-type=\"widget\" data-widget_type=\"button.default\">\n\t\t\t\t<div class=\"elementor-widget-container\">\n\t\t\t\t\t\t\t\t\t<div class=\"elementor-button-wrapper\">\n\t\t\t\t\t<a class=\"elementor-button elementor-button-link elementor-size-sm\" href=\"https:\/\/www.ridecyclingwear.com.br\/pre-venda\" target=\"_blank\">\n\t\t\t\t\t\t<span class=\"elementor-button-content-wrapper\">\n\t\t\t\t\t\t\t\t\t<span class=\"elementor-button-text\">COMPRE AQUI<\/span>\n\t\t\t\t\t<\/span>\n\t\t\t\t\t<\/a>\n\t\t\t\t<\/div>\n\t\t\t\t\t\t\t\t<\/div>\n\t\t\t\t<\/div>\n\t\t\t\t<div class=\"elementor-element elementor-element-114217e elementor-widget elementor-widget-text-editor\" data-id=\"114217e\" data-element_type=\"widget\" data-e-type=\"widget\" data-widget_type=\"text-editor.default\">\n\t\t\t\t<div class=\"elementor-widget-container\">\n\t\t\t\t\t\t\t\t\t<div class=\"block-canvas-cover\"><div class=\"collaborators-overlay-full\"><p class=\"wp-block-paragraph\">Assessorias: falem com a gente para garantir a sua participa\u00e7\u00e3o e as Jerseys:<br \/>Lauzane Puccia \u2013\u00a0<a href=\"mailto:lauzanepuccia@uol.com.br\" target=\"_blank\" rel=\"noreferrer noopener\">lauzanepuccia@uol.com.br<\/a><\/p><p> <\/p><p class=\"wp-block-paragraph\"><strong>Outras informa\u00e7\u00f5es e ativa\u00e7\u00f5es de marcas:<\/strong><br \/>Mara Yano \u2013\u00a0<a href=\"mailto:mara@institutoprotea.org.br\" target=\"_blank\" rel=\"noreferrer noopener\">mara@institutoprotea.org.br<\/a><\/p><p><\/p><div id=\"block-03af9baa-94e4-4c37-9abc-5e47d3018de6\" class=\"block-editor-block-list__block wp-block wp-block-buttons block-editor-block-list__layout is-layout-flex wp-block-buttons-is-layout-flex\" tabindex=\"0\" role=\"document\" draggable=\"true\" aria-label=\"Bloco: Bot\u00f5es\" data-block=\"03af9baa-94e4-4c37-9abc-5e47d3018de6\" data-type=\"core\/buttons\" data-title=\"Bot\u00f5es\" data-is-drop-zone=\"true\">\u00a0<\/div><\/div><\/div><div class=\"is-root-container is-desktop-preview is-layout-flow wp-block-post-content-is-layout-flow wp-block-post-content block-editor-block-list__layout\" data-is-drop-zone=\"true\"><p><\/p><\/div>\t\t\t\t\t\t\t\t<\/div>\n\t\t\t\t<\/div>\n\t\t\t\t<div class=\"elementor-element elementor-element-56e2b82 elementor-widget elementor-widget-text-editor\" data-id=\"56e2b82\" data-element_type=\"widget\" data-e-type=\"widget\" data-widget_type=\"text-editor.default\">\n\t\t\t\t<div class=\"elementor-widget-container\">\n\t\t\t\t\t\t\t\t\t<p class=\"m_-1631823809804846711MsoListParagraph wp-block-paragraph\">Assista o v\u00eddeo da edi\u00e7\u00e3o de 2024.<\/p>\t\t\t\t\t\t\t\t<\/div>\n\t\t\t\t<\/div>\n\t\t\t\t<div class=\"elementor-element elementor-element-d78642b elementor-widget elementor-widget-video\" data-id=\"d78642b\" data-element_type=\"widget\" data-e-type=\"widget\" data-settings=\"{&quot;youtube_url&quot;:&quot;https:\\\/\\\/www.youtube.com\\\/watch?v=74_XjyAOEjg&quot;,&quot;video_type&quot;:&quot;youtube&quot;,&quot;controls&quot;:&quot;yes&quot;}\" data-widget_type=\"video.default\">\n\t\t\t\t<div class=\"elementor-widget-container\">\n\t\t\t\t\t\t\t<div class=\"elementor-wrapper elementor-open-inline\">\n\t\t\t<div class=\"elementor-video\"><\/div>\t\t<\/div>\n\t\t\t\t\t\t<\/div>\n\t\t\t\t<\/div>\n\t\t\t\t<\/div>\n\t\t\t\t\t<\/div>\n\t\t\t\t<\/div>\n\t\t\t\t<\/div>\n\t\t\t\t<\/div>","protected":false},"excerpt":{"rendered":"<p>Pedal Pela Cura Protea O Desafio de Ciclismo do Protea \u00e9 realizado anualmente em outubro, e conta 400 inscritos, entre homens e mulheres. Doe PIX Copiar PIX Copiar PIX Copiar A edi\u00e7\u00e3o 2026 do Pedal pela Cura est\u00e1 chegando!Ser\u00e3o mais de 500 ciclistas e 24 assessorias esportivas pedalando por uma \u00fanica causa, na Estrada dos [&hellip;]<\/p>\n","protected":false},"author":6,"featured_media":0,"parent":0,"menu_order":0,"comment_status":"closed","ping_status":"closed","template":"elementor_header_footer","meta":{"iawp_total_views":175,"footnotes":""},"class_list":["post-6725","page","type-page","status-publish","hentry"],"yoast_head":"<!-- This site is optimized with the Yoast SEO plugin v28.4 - https:\/\/yoast.com\/product\/yoast-seo-wordpress\/ -->\n<title>Pedal Pela Cura Protea - Protea<\/title>\n<meta name=\"robots\" content=\"index, follow, max-snippet:-1, max-image-preview:large, max-video-preview:-1\" \/>\n<link rel=\"canonical\" href=\"https:\/\/www.protea.org.br\/en\/pedal-pela-cura-protea\/\" \/>\n<meta property=\"og:locale\" content=\"en_US\" \/>\n<meta property=\"og:type\" content=\"article\" \/>\n<meta property=\"og:title\" content=\"Pedal Pela Cura Protea - Protea\" \/>\n<meta property=\"og:description\" content=\"Pedal Pela Cura Protea O Desafio de Ciclismo do Protea \u00e9 realizado anualmente em outubro, e conta 400 inscritos, entre homens e mulheres. Doe PIX Copiar PIX Copiar PIX Copiar A edi\u00e7\u00e3o 2026 do Pedal pela Cura est\u00e1 chegando!Ser\u00e3o mais de 500 ciclistas e 24 assessorias esportivas pedalando por uma \u00fanica causa, na Estrada dos [&hellip;]\" \/>\n<meta property=\"og:url\" content=\"https:\/\/www.protea.org.br\/en\/pedal-pela-cura-protea\/\" \/>\n<meta property=\"og:site_name\" content=\"Protea\" \/>\n<meta property=\"article:modified_time\" content=\"2026-08-10T13:30:54+00:00\" \/>\n<meta property=\"og:image\" content=\"https:\/\/www.protea.org.br\/wp-content\/uploads\/2025\/08\/transfira-o-valor-que-desejar.jpg\" \/>\n\t<meta property=\"og:image:width\" content=\"700\" \/>\n\t<meta property=\"og:image:height\" content=\"305\" \/>\n\t<meta property=\"og:image:type\" content=\"image\/jpeg\" \/>\n<meta name=\"twitter:card\" content=\"summary_large_image\" \/>\n<meta name=\"twitter:label1\" content=\"Est. reading time\" \/>\n\t<meta name=\"twitter:data1\" content=\"2 minutes\" \/>\n<script type=\"application\/ld+json\" class=\"yoast-schema-graph\">{\"@context\":\"https:\\\/\\\/schema.org\",\"@graph\":[{\"@type\":\"WebPage\",\"@id\":\"https:\\\/\\\/www.protea.org.br\\\/pedal-pela-cura-protea\\\/\",\"url\":\"https:\\\/\\\/www.protea.org.br\\\/pedal-pela-cura-protea\\\/\",\"name\":\"Pedal Pela Cura Protea - Protea\",\"isPartOf\":{\"@id\":\"https:\\\/\\\/www.protea.org.br\\\/#website\"},\"primaryImageOfPage\":{\"@id\":\"https:\\\/\\\/www.protea.org.br\\\/pedal-pela-cura-protea\\\/#primaryimage\"},\"image\":{\"@id\":\"https:\\\/\\\/www.protea.org.br\\\/pedal-pela-cura-protea\\\/#primaryimage\"},\"thumbnailUrl\":\"https:\\\/\\\/www.protea.org.br\\\/wp-content\\\/uploads\\\/2025\\\/08\\\/transfira-o-valor-que-desejar.jpg\",\"datePublished\":\"2025-08-27T14:28:39+00:00\",\"dateModified\":\"2026-08-10T13:30:54+00:00\",\"breadcrumb\":{\"@id\":\"https:\\\/\\\/www.protea.org.br\\\/pedal-pela-cura-protea\\\/#breadcrumb\"},\"inLanguage\":\"en-US\",\"potentialAction\":[{\"@type\":\"ReadAction\",\"target\":[\"https:\\\/\\\/www.protea.org.br\\\/pedal-pela-cura-protea\\\/\"]}]},{\"@type\":\"ImageObject\",\"inLanguage\":\"en-US\",\"@id\":\"https:\\\/\\\/www.protea.org.br\\\/pedal-pela-cura-protea\\\/#primaryimage\",\"url\":\"https:\\\/\\\/www.protea.org.br\\\/wp-content\\\/uploads\\\/2025\\\/08\\\/transfira-o-valor-que-desejar.jpg\",\"contentUrl\":\"https:\\\/\\\/www.protea.org.br\\\/wp-content\\\/uploads\\\/2025\\\/08\\\/transfira-o-valor-que-desejar.jpg\"},{\"@type\":\"BreadcrumbList\",\"@id\":\"https:\\\/\\\/www.protea.org.br\\\/pedal-pela-cura-protea\\\/#breadcrumb\",\"itemListElement\":[{\"@type\":\"ListItem\",\"position\":1,\"name\":\"In\u00edcio\",\"item\":\"https:\\\/\\\/www.protea.org.br\\\/\"},{\"@type\":\"ListItem\",\"position\":2,\"name\":\"Pedal Pela Cura Protea\"}]},{\"@type\":\"WebSite\",\"@id\":\"https:\\\/\\\/www.protea.org.br\\\/#website\",\"url\":\"https:\\\/\\\/www.protea.org.br\\\/\",\"name\":\"Protea\",\"description\":\"Tudo pela cura do c\u00e2ncer de mama.\",\"publisher\":{\"@id\":\"https:\\\/\\\/www.protea.org.br\\\/#organization\"},\"potentialAction\":[{\"@type\":\"SearchAction\",\"target\":{\"@type\":\"EntryPoint\",\"urlTemplate\":\"https:\\\/\\\/www.protea.org.br\\\/?s={search_term_string}\"},\"query-input\":{\"@type\":\"PropertyValueSpecification\",\"valueRequired\":true,\"valueName\":\"search_term_string\"}}],\"inLanguage\":\"en-US\"},{\"@type\":\"Organization\",\"@id\":\"https:\\\/\\\/www.protea.org.br\\\/#organization\",\"name\":\"Protea\",\"url\":\"https:\\\/\\\/www.protea.org.br\\\/\",\"logo\":{\"@type\":\"ImageObject\",\"inLanguage\":\"en-US\",\"@id\":\"https:\\\/\\\/www.protea.org.br\\\/#\\\/schema\\\/logo\\\/image\\\/\",\"url\":\"https:\\\/\\\/www.protea.org.br\\\/wp-content\\\/uploads\\\/2022\\\/04\\\/protea-logotipo.png\",\"contentUrl\":\"https:\\\/\\\/www.protea.org.br\\\/wp-content\\\/uploads\\\/2022\\\/04\\\/protea-logotipo.png\",\"width\":1222,\"height\":363,\"caption\":\"Protea\"},\"image\":{\"@id\":\"https:\\\/\\\/www.protea.org.br\\\/#\\\/schema\\\/logo\\\/image\\\/\"}}]}<\/script>\n<!-- \/ Yoast SEO plugin. -->","yoast_head_json":{"title":"Pedal Pela Cura Protea - Protea","robots":{"index":"index","follow":"follow","max-snippet":"max-snippet:-1","max-image-preview":"max-image-preview:large","max-video-preview":"max-video-preview:-1"},"canonical":"https:\/\/www.protea.org.br\/en\/pedal-pela-cura-protea\/","og_locale":"en_US","og_type":"article","og_title":"Pedal Pela Cura Protea - Protea","og_description":"Pedal Pela Cura Protea O Desafio de Ciclismo do Protea \u00e9 realizado anualmente em outubro, e conta 400 inscritos, entre homens e mulheres. Doe PIX Copiar PIX Copiar PIX Copiar A edi\u00e7\u00e3o 2026 do Pedal pela Cura est\u00e1 chegando!Ser\u00e3o mais de 500 ciclistas e 24 assessorias esportivas pedalando por uma \u00fanica causa, na Estrada dos [&hellip;]","og_url":"https:\/\/www.protea.org.br\/en\/pedal-pela-cura-protea\/","og_site_name":"Protea","article_modified_time":"2026-08-10T13:30:54+00:00","og_image":[{"width":700,"height":305,"url":"https:\/\/www.protea.org.br\/wp-content\/uploads\/2025\/08\/transfira-o-valor-que-desejar.jpg","type":"image\/jpeg"}],"twitter_card":"summary_large_image","twitter_misc":{"Est. reading time":"2 minutes"},"schema":{"@context":"https:\/\/schema.org","@graph":[{"@type":"WebPage","@id":"https:\/\/www.protea.org.br\/pedal-pela-cura-protea\/","url":"https:\/\/www.protea.org.br\/pedal-pela-cura-protea\/","name":"Pedal Pela Cura Protea - Protea","isPartOf":{"@id":"https:\/\/www.protea.org.br\/#website"},"primaryImageOfPage":{"@id":"https:\/\/www.protea.org.br\/pedal-pela-cura-protea\/#primaryimage"},"image":{"@id":"https:\/\/www.protea.org.br\/pedal-pela-cura-protea\/#primaryimage"},"thumbnailUrl":"https:\/\/www.protea.org.br\/wp-content\/uploads\/2025\/08\/transfira-o-valor-que-desejar.jpg","datePublished":"2025-08-27T14:28:39+00:00","dateModified":"2026-08-10T13:30:54+00:00","breadcrumb":{"@id":"https:\/\/www.protea.org.br\/pedal-pela-cura-protea\/#breadcrumb"},"inLanguage":"en-US","potentialAction":[{"@type":"ReadAction","target":["https:\/\/www.protea.org.br\/pedal-pela-cura-protea\/"]}]},{"@type":"ImageObject","inLanguage":"en-US","@id":"https:\/\/www.protea.org.br\/pedal-pela-cura-protea\/#primaryimage","url":"https:\/\/www.protea.org.br\/wp-content\/uploads\/2025\/08\/transfira-o-valor-que-desejar.jpg","contentUrl":"https:\/\/www.protea.org.br\/wp-content\/uploads\/2025\/08\/transfira-o-valor-que-desejar.jpg"},{"@type":"BreadcrumbList","@id":"https:\/\/www.protea.org.br\/pedal-pela-cura-protea\/#breadcrumb","itemListElement":[{"@type":"ListItem","position":1,"name":"In\u00edcio","item":"https:\/\/www.protea.org.br\/"},{"@type":"ListItem","position":2,"name":"Pedal Pela Cura Protea"}]},{"@type":"WebSite","@id":"https:\/\/www.protea.org.br\/#website","url":"https:\/\/www.protea.org.br\/","name":"The Protea","description":"Tudo pela cura do c\u00e2ncer de mama.","publisher":{"@id":"https:\/\/www.protea.org.br\/#organization"},"potentialAction":[{"@type":"SearchAction","target":{"@type":"EntryPoint","urlTemplate":"https:\/\/www.protea.org.br\/?s={search_term_string}"},"query-input":{"@type":"PropertyValueSpecification","valueRequired":true,"valueName":"search_term_string"}}],"inLanguage":"en-US"},{"@type":"Organization","@id":"https:\/\/www.protea.org.br\/#organization","name":"The Protea","url":"https:\/\/www.protea.org.br\/","logo":{"@type":"ImageObject","inLanguage":"en-US","@id":"https:\/\/www.protea.org.br\/#\/schema\/logo\/image\/","url":"https:\/\/www.protea.org.br\/wp-content\/uploads\/2022\/04\/protea-logotipo.png","contentUrl":"https:\/\/www.protea.org.br\/wp-content\/uploads\/2022\/04\/protea-logotipo.png","width":1222,"height":363,"caption":"Protea"},"image":{"@id":"https:\/\/www.protea.org.br\/#\/schema\/logo\/image\/"}}]}},"_links":{"self":[{"href":"https:\/\/www.protea.org.br\/en\/wp-json\/wp\/v2\/pages\/6725","targetHints":{"allow":["GET"]}}],"collection":[{"href":"https:\/\/www.protea.org.br\/en\/wp-json\/wp\/v2\/pages"}],"about":[{"href":"https:\/\/www.protea.org.br\/en\/wp-json\/wp\/v2\/types\/page"}],"author":[{"embeddable":true,"href":"https:\/\/www.protea.org.br\/en\/wp-json\/wp\/v2\/users\/6"}],"replies":[{"embeddable":true,"href":"https:\/\/www.protea.org.br\/en\/wp-json\/wp\/v2\/comments?post=6725"}],"version-history":[{"count":19,"href":"https:\/\/www.protea.org.br\/en\/wp-json\/wp\/v2\/pages\/6725\/revisions"}],"predecessor-version":[{"id":9114,"href":"https:\/\/www.protea.org.br\/en\/wp-json\/wp\/v2\/pages\/6725\/revisions\/9114"}],"wp:attachment":[{"href":"https:\/\/www.protea.org.br\/en\/wp-json\/wp\/v2\/media?parent=6725"}],"curies":[{"name":"wp","href":"https:\/\/api.w.org\/{rel}","templated":true}]}}