{"id":6054,"date":"2025-08-21T02:26:02","date_gmt":"2025-08-21T05:26:02","guid":{"rendered":"https:\/\/www.protea.org.br\/?page_id=6054"},"modified":"2026-08-24T13:50:10","modified_gmt":"2026-08-24T16:50:10","slug":"amar","status":"publish","type":"page","link":"https:\/\/www.protea.org.br\/en\/amar\/","title":{"rendered":"AMAR"},"content":{"rendered":"<div data-elementor-type=\"wp-page\" data-elementor-id=\"6054\" class=\"elementor elementor-6054\" data-elementor-post-type=\"page\">\n\t\t\t\t<div class=\"elementor-element elementor-element-91e5b1e e-con-full e-flex e-con e-parent\" data-id=\"91e5b1e\" data-element_type=\"container\" data-e-type=\"container\" data-settings=\"{&quot;background_background&quot;:&quot;classic&quot;}\">\n\t\t<div class=\"elementor-element elementor-element-86b7be8 e-flex e-con-boxed e-con e-child\" data-id=\"86b7be8\" data-element_type=\"container\" data-e-type=\"container\">\n\t\t\t\t\t<div class=\"e-con-inner\">\n\t\t<div class=\"elementor-element elementor-element-04ab180 e-con-full e-flex e-con e-child\" data-id=\"04ab180\" data-element_type=\"container\" data-e-type=\"container\">\n\t\t\t\t<div class=\"elementor-element elementor-element-32943e5 elementor-widget elementor-widget-text-editor\" data-id=\"32943e5\" data-element_type=\"widget\" data-e-type=\"widget\" data-widget_type=\"text-editor.default\">\n\t\t\t\t<div class=\"elementor-widget-container\">\n\t\t\t\t\t\t\t\t\t<p>AMAR<\/p>\t\t\t\t\t\t\t\t<\/div>\n\t\t\t\t<\/div>\n\t\t\t\t<div class=\"elementor-element elementor-element-4684c7b elementor-widget elementor-widget-text-editor\" data-id=\"4684c7b\" data-element_type=\"widget\" data-e-type=\"widget\" data-widget_type=\"text-editor.default\">\n\t\t\t\t<div class=\"elementor-widget-container\">\n\t\t\t\t\t\t\t\t\t<p>The\u00a0<strong>Protea Institute<\/strong>, through donations and partnerships with private philanthropic hospitals that serve SUS patients, helps pay for surgery, exams, consultations, chemotherapy, and radiotherapy for breast cancer.\u00a0<\/p>\t\t\t\t\t\t\t\t<\/div>\n\t\t\t\t<\/div>\n\t\t\t\t<\/div>\n\t\t\t\t\t<\/div>\n\t\t\t\t<\/div>\n\t\t\t\t<\/div>\n\t\t<div class=\"elementor-element elementor-element-a77c35c e-con-full e-flex e-con e-parent\" data-id=\"a77c35c\" data-element_type=\"container\" data-e-type=\"container\" data-settings=\"{&quot;background_background&quot;:&quot;classic&quot;}\">\n\t\t<div class=\"elementor-element elementor-element-31feef7 e-flex e-con-boxed e-con e-child\" data-id=\"31feef7\" data-element_type=\"container\" data-e-type=\"container\" data-settings=\"{&quot;background_background&quot;:&quot;classic&quot;}\">\n\t\t\t\t\t<div class=\"e-con-inner\">\n\t\t<div class=\"elementor-element elementor-element-d858bde e-con-full e-flex e-con e-child\" data-id=\"d858bde\" data-element_type=\"container\" data-e-type=\"container\">\n\t\t\t\t<div class=\"elementor-element elementor-element-a756887 elementor-widget elementor-widget-text-editor\" data-id=\"a756887\" data-element_type=\"widget\" data-e-type=\"widget\" data-widget_type=\"text-editor.default\">\n\t\t\t\t<div class=\"elementor-widget-container\">\n\t\t\t\t\t\t\t\t\t<p><span style=\"color: #6d0038;\">Com o Hospital Santa Marcelina, nossa primeira parceria, iniciada em 2018, foi desenhado o projeto <b>AMAR <\/b>\u2013 atendimento ao C\u00e2ncer de Mama de alta resolutividade \u2013 que visa diminuir o tempo entre a 1\u00aa consulta e o in\u00edcio do tratamento das pacientes, e oferecer um tratamento \u00e1gil e de qualidade para a cura do c\u00e2ncer de mama. O Projeto conta com 4 pilares:<\/span><\/p>\t\t\t\t\t\t\t\t<\/div>\n\t\t\t\t<\/div>\n\t\t\t\t<\/div>\n\t\t\t\t<div class=\"elementor-element elementor-element-6ccaf7b elementor-widget elementor-widget-image\" data-id=\"6ccaf7b\" data-element_type=\"widget\" data-e-type=\"widget\" data-widget_type=\"image.default\">\n\t\t\t\t<div class=\"elementor-widget-container\">\n\t\t\t\t\t\t\t\t\t\t\t\t\t\t\t<img fetchpriority=\"high\" decoding=\"async\" width=\"600\" height=\"600\" src=\"https:\/\/www.protea.org.br\/wp-content\/uploads\/2022\/05\/amar-3.jpg\" class=\"attachment-large size-large wp-image-1507\" alt=\"\" srcset=\"https:\/\/www.protea.org.br\/wp-content\/uploads\/2022\/05\/amar-3.jpg 600w, https:\/\/www.protea.org.br\/wp-content\/uploads\/2022\/05\/amar-3-300x300.jpg 300w, https:\/\/www.protea.org.br\/wp-content\/uploads\/2022\/05\/amar-3-150x150.jpg 150w\" sizes=\"(max-width: 600px) 100vw, 600px\" \/>\t\t\t\t\t\t\t\t\t\t\t\t\t\t\t<\/div>\n\t\t\t\t<\/div>\n\t\t\t\t\t<\/div>\n\t\t\t\t<\/div>\n\t\t\t\t<\/div>\n\t\t<div class=\"elementor-element elementor-element-15bc50b e-con-full e-flex e-con e-parent\" data-id=\"15bc50b\" data-element_type=\"container\" data-e-type=\"container\" data-settings=\"{&quot;background_background&quot;:&quot;classic&quot;}\">\n\t\t<div class=\"elementor-element elementor-element-c0929ac e-flex e-con-boxed e-con e-child\" data-id=\"c0929ac\" data-element_type=\"container\" data-e-type=\"container\">\n\t\t\t\t\t<div class=\"e-con-inner\">\n\t\t<div class=\"elementor-element elementor-element-25b18c6 e-con-full e-flex e-con e-child\" data-id=\"25b18c6\" data-element_type=\"container\" data-e-type=\"container\">\n\t\t\t\t<div class=\"elementor-element elementor-element-8b3bbff elementor-widget elementor-widget-text-editor\" data-id=\"8b3bbff\" data-element_type=\"widget\" data-e-type=\"widget\" data-widget_type=\"text-editor.default\">\n\t\t\t\t<div class=\"elementor-widget-container\">\n\t\t\t\t\t\t\t\t\t<p>1<\/p>\t\t\t\t\t\t\t\t<\/div>\n\t\t\t\t<\/div>\n\t\t\t\t<\/div>\n\t\t<div class=\"elementor-element elementor-element-0f74770 e-con-full e-flex e-con e-child\" data-id=\"0f74770\" data-element_type=\"container\" data-e-type=\"container\">\n\t\t\t\t<div class=\"elementor-element elementor-element-f43c581 elementor-widget elementor-widget-text-editor\" data-id=\"f43c581\" data-element_type=\"widget\" data-e-type=\"widget\" data-widget_type=\"text-editor.default\">\n\t\t\t\t<div class=\"elementor-widget-container\">\n\t\t\t\t\t\t\t\t\t<p><span style=\"color: #6d0038;\">Funding for a breast specialist on call at Santa Marcelina Hospital to increase the number of consultations and additional tests to confirm diagnoses. The time between the first consultation with the specialist and the additional tests for diagnosis was reduced by 45 days, in addition to a 15% increase in the number of screening consultations.<\/span><\/p>\t\t\t\t\t\t\t\t<\/div>\n\t\t\t\t<\/div>\n\t\t\t\t<\/div>\n\t\t<div class=\"elementor-element elementor-element-9197043 e-con-full e-flex e-con e-child\" data-id=\"9197043\" data-element_type=\"container\" data-e-type=\"container\">\n\t\t\t\t<\/div>\n\t\t\t\t\t<\/div>\n\t\t\t\t<\/div>\n\t\t\t\t<\/div>\n\t\t<div class=\"elementor-element elementor-element-c44281e e-con-full e-flex e-con e-parent\" data-id=\"c44281e\" data-element_type=\"container\" data-e-type=\"container\" data-settings=\"{&quot;background_background&quot;:&quot;classic&quot;}\">\n\t\t<div class=\"elementor-element elementor-element-b7328b5 e-flex e-con-boxed e-con e-child\" data-id=\"b7328b5\" data-element_type=\"container\" data-e-type=\"container\">\n\t\t\t\t\t<div class=\"e-con-inner\">\n\t\t<div class=\"elementor-element elementor-element-b8f0af0 e-con-full e-flex e-con e-child\" data-id=\"b8f0af0\" data-element_type=\"container\" data-e-type=\"container\">\n\t\t\t\t<div class=\"elementor-element elementor-element-f092baa elementor-widget elementor-widget-text-editor\" data-id=\"f092baa\" data-element_type=\"widget\" data-e-type=\"widget\" data-widget_type=\"text-editor.default\">\n\t\t\t\t<div class=\"elementor-widget-container\">\n\t\t\t\t\t\t\t\t\t<p>2<\/p>\t\t\t\t\t\t\t\t<\/div>\n\t\t\t\t<\/div>\n\t\t\t\t<\/div>\n\t\t<div class=\"elementor-element elementor-element-62213af e-con-full e-flex e-con e-child\" data-id=\"62213af\" data-element_type=\"container\" data-e-type=\"container\">\n\t\t\t\t<div class=\"elementor-element elementor-element-2408816 elementor-widget elementor-widget-text-editor\" data-id=\"2408816\" data-element_type=\"widget\" data-e-type=\"widget\" data-widget_type=\"text-editor.default\">\n\t\t\t\t<div class=\"elementor-widget-container\">\n\t\t\t\t\t\t\t\t\t<p><span style=\"color: #6d0038;\">Funding for a dedicated anesthesiologist to perform tumor removal surgeries and avoid missing surgeries due to a lack of professionals;<\/span><\/p>\t\t\t\t\t\t\t\t<\/div>\n\t\t\t\t<\/div>\n\t\t\t\t<\/div>\n\t\t<div class=\"elementor-element elementor-element-597f858 e-con-full e-flex e-con e-child\" data-id=\"597f858\" data-element_type=\"container\" data-e-type=\"container\">\n\t\t\t\t<div class=\"elementor-element elementor-element-3423646 elementor-widget elementor-widget-image\" data-id=\"3423646\" data-element_type=\"widget\" data-e-type=\"widget\" data-widget_type=\"image.default\">\n\t\t\t\t<div class=\"elementor-widget-container\">\n\t\t\t\t\t\t\t\t\t\t\t\t\t\t\t<img decoding=\"async\" width=\"600\" height=\"600\" src=\"https:\/\/www.protea.org.br\/wp-content\/uploads\/2025\/08\/protea-santa-marcelina.jpg\" class=\"attachment-large size-large wp-image-6682\" alt=\"protea santa marelina\" srcset=\"https:\/\/www.protea.org.br\/wp-content\/uploads\/2025\/08\/protea-santa-marcelina.jpg 600w, https:\/\/www.protea.org.br\/wp-content\/uploads\/2025\/08\/protea-santa-marcelina-300x300.jpg 300w, https:\/\/www.protea.org.br\/wp-content\/uploads\/2025\/08\/protea-santa-marcelina-150x150.jpg 150w, https:\/\/www.protea.org.br\/wp-content\/uploads\/2025\/08\/protea-santa-marcelina-12x12.jpg 12w\" sizes=\"(max-width: 600px) 100vw, 600px\" \/>\t\t\t\t\t\t\t\t\t\t\t\t\t\t\t<\/div>\n\t\t\t\t<\/div>\n\t\t\t\t<\/div>\n\t\t\t\t\t<\/div>\n\t\t\t\t<\/div>\n\t\t\t\t<\/div>\n\t\t<div class=\"elementor-element elementor-element-9b35ccd e-con-full e-flex e-con e-parent\" data-id=\"9b35ccd\" data-element_type=\"container\" data-e-type=\"container\" data-settings=\"{&quot;background_background&quot;:&quot;classic&quot;}\">\n\t\t<div class=\"elementor-element elementor-element-20d3519 e-flex e-con-boxed e-con e-child\" data-id=\"20d3519\" data-element_type=\"container\" data-e-type=\"container\">\n\t\t\t\t\t<div class=\"e-con-inner\">\n\t\t<div class=\"elementor-element elementor-element-30beed8 e-con-full e-flex e-con e-child\" data-id=\"30beed8\" data-element_type=\"container\" data-e-type=\"container\">\n\t\t\t\t<div class=\"elementor-element elementor-element-5c9c9b5 elementor-widget elementor-widget-text-editor\" data-id=\"5c9c9b5\" data-element_type=\"widget\" data-e-type=\"widget\" data-widget_type=\"text-editor.default\">\n\t\t\t\t<div class=\"elementor-widget-container\">\n\t\t\t\t\t\t\t\t\t<p>3<\/p>\t\t\t\t\t\t\t\t<\/div>\n\t\t\t\t<\/div>\n\t\t\t\t<\/div>\n\t\t<div class=\"elementor-element elementor-element-74c5f7a e-con-full e-flex e-con e-child\" data-id=\"74c5f7a\" data-element_type=\"container\" data-e-type=\"container\">\n\t\t\t\t<div class=\"elementor-element elementor-element-b9ae955 elementor-widget elementor-widget-text-editor\" data-id=\"b9ae955\" data-element_type=\"widget\" data-e-type=\"widget\" data-widget_type=\"text-editor.default\">\n\t\t\t\t<div class=\"elementor-widget-container\">\n\t\t\t\t\t\t\t\t\t<p><span style=\"color: #6d0038;\">Cost of mammography exam in partnership with Laborat\u00f3rio Nova Diagn\u00f3stica, diagnostic exam for non-palpable nodules that cannot be examined via mammography. With the AMAR project, Protea replaced diagnostic surgery with this clinical exam, which is faster, less invasive, more comfortable, and safer for confirming the patient's diagnosis.<\/span><\/p>\t\t\t\t\t\t\t\t<\/div>\n\t\t\t\t<\/div>\n\t\t\t\t<\/div>\n\t\t<div class=\"elementor-element elementor-element-9a93226 e-con-full e-flex e-con e-child\" data-id=\"9a93226\" data-element_type=\"container\" data-e-type=\"container\">\n\t\t\t\t<\/div>\n\t\t\t\t\t<\/div>\n\t\t\t\t<\/div>\n\t\t\t\t<\/div>\n\t\t<div class=\"elementor-element elementor-element-d60ced2 e-con-full e-flex e-con e-parent\" data-id=\"d60ced2\" data-element_type=\"container\" data-e-type=\"container\" data-settings=\"{&quot;background_background&quot;:&quot;classic&quot;}\">\n\t\t<div class=\"elementor-element elementor-element-aa51cdc e-flex e-con-boxed e-con e-child\" data-id=\"aa51cdc\" data-element_type=\"container\" data-e-type=\"container\">\n\t\t\t\t\t<div class=\"e-con-inner\">\n\t\t<div class=\"elementor-element elementor-element-4f8eda9 e-con-full e-flex e-con e-child\" data-id=\"4f8eda9\" data-element_type=\"container\" data-e-type=\"container\">\n\t\t\t\t<div class=\"elementor-element elementor-element-c8e2b52 elementor-widget elementor-widget-text-editor\" data-id=\"c8e2b52\" data-element_type=\"widget\" data-e-type=\"widget\" data-widget_type=\"text-editor.default\">\n\t\t\t\t<div class=\"elementor-widget-container\">\n\t\t\t\t\t\t\t\t\t<p>4<\/p>\t\t\t\t\t\t\t\t<\/div>\n\t\t\t\t<\/div>\n\t\t\t\t<\/div>\n\t\t<div class=\"elementor-element elementor-element-1bf4df6 e-con-full e-flex e-con e-child\" data-id=\"1bf4df6\" data-element_type=\"container\" data-e-type=\"container\">\n\t\t\t\t<div class=\"elementor-element elementor-element-c58cb95 elementor-widget elementor-widget-text-editor\" data-id=\"c58cb95\" data-element_type=\"widget\" data-e-type=\"widget\" data-widget_type=\"text-editor.default\">\n\t\t\t\t<div class=\"elementor-widget-container\">\n\t\t\t\t\t\t\t\t\t<p><span style=\"color: #6d0038;\">Coverage of the full cost of treatment for 11 months, including surgery, consultations and tests, chemotherapy and radiotherapy sessions. Protea increased the monthly number of women undergoing treatment at Santa Marcelina Hospital by 50%.<\/span><\/p>\t\t\t\t\t\t\t\t<\/div>\n\t\t\t\t<\/div>\n\t\t\t\t<\/div>\n\t\t<div class=\"elementor-element elementor-element-7bf4d48 e-con-full e-flex e-con e-child\" data-id=\"7bf4d48\" data-element_type=\"container\" data-e-type=\"container\">\n\t\t\t\t<\/div>\n\t\t\t\t\t<\/div>\n\t\t\t\t<\/div>\n\t\t\t\t<\/div>\n\t\t<div class=\"elementor-element elementor-element-80073e2 e-con-full e-flex e-con e-parent\" data-id=\"80073e2\" data-element_type=\"container\" data-e-type=\"container\" data-settings=\"{&quot;background_background&quot;:&quot;classic&quot;}\">\n\t\t<div class=\"elementor-element elementor-element-1ee7916 e-flex e-con-boxed e-con e-child\" data-id=\"1ee7916\" data-element_type=\"container\" data-e-type=\"container\" data-settings=\"{&quot;background_background&quot;:&quot;classic&quot;}\">\n\t\t\t\t\t<div class=\"e-con-inner\">\n\t\t<div class=\"elementor-element elementor-element-7537f96 e-con-full e-flex e-con e-child\" data-id=\"7537f96\" data-element_type=\"container\" data-e-type=\"container\">\n\t\t\t\t<div class=\"elementor-element elementor-element-1e43ddd elementor-widget elementor-widget-text-editor\" data-id=\"1e43ddd\" data-element_type=\"widget\" data-e-type=\"widget\" data-widget_type=\"text-editor.default\">\n\t\t\t\t<div class=\"elementor-widget-container\">\n\t\t\t\t\t\t\t\t\t<p><span style=\"color: #6d0038;\">With the funding for the anesthesiologist and with the Mammotomy exam done at the laboratory instead of the operating room, the waiting time for surgery was reduced from 60 days to under 30.<\/span><\/p>\t\t\t\t\t\t\t\t<\/div>\n\t\t\t\t<\/div>\n\t\t\t\t<div class=\"elementor-element elementor-element-1f06b6f elementor-widget elementor-widget-image\" data-id=\"1f06b6f\" data-element_type=\"widget\" data-e-type=\"widget\" data-widget_type=\"image.default\">\n\t\t\t\t<div class=\"elementor-widget-container\">\n\t\t\t\t\t\t\t\t\t\t\t\t\t\t\t<img decoding=\"async\" width=\"800\" height=\"527\" src=\"https:\/\/www.protea.org.br\/wp-content\/uploads\/2022\/05\/amar-4-1024x675.jpg\" class=\"attachment-large size-large wp-image-1508\" alt=\"\" srcset=\"https:\/\/www.protea.org.br\/wp-content\/uploads\/2022\/05\/amar-4-1024x675.jpg 1024w, https:\/\/www.protea.org.br\/wp-content\/uploads\/2022\/05\/amar-4-300x198.jpg 300w, https:\/\/www.protea.org.br\/wp-content\/uploads\/2022\/05\/amar-4-768x506.jpg 768w, https:\/\/www.protea.org.br\/wp-content\/uploads\/2022\/05\/amar-4.jpg 1280w\" sizes=\"(max-width: 800px) 100vw, 800px\" \/>\t\t\t\t\t\t\t\t\t\t\t\t\t\t\t<\/div>\n\t\t\t\t<\/div>\n\t\t\t\t<\/div>\n\t\t\t\t\t<\/div>\n\t\t\t\t<\/div>\n\t\t\t\t<\/div>\n\t\t<div class=\"elementor-element elementor-element-19013b4 e-con-full e-flex e-con e-parent\" data-id=\"19013b4\" data-element_type=\"container\" data-e-type=\"container\" data-settings=\"{&quot;background_background&quot;:&quot;classic&quot;}\">\n\t\t<div class=\"elementor-element elementor-element-dcb3398 e-flex e-con-boxed e-con e-child\" data-id=\"dcb3398\" data-element_type=\"container\" data-e-type=\"container\" data-settings=\"{&quot;background_background&quot;:&quot;classic&quot;}\">\n\t\t\t\t\t<div class=\"e-con-inner\">\n\t\t<div class=\"elementor-element elementor-element-9aa9316 e-con-full e-flex e-con e-child\" data-id=\"9aa9316\" data-element_type=\"container\" data-e-type=\"container\">\n\t\t\t\t<div class=\"elementor-element elementor-element-f7fb10b elementor-widget elementor-widget-text-editor\" data-id=\"f7fb10b\" data-element_type=\"widget\" data-e-type=\"widget\" data-widget_type=\"text-editor.default\">\n\t\t\t\t<div class=\"elementor-widget-container\">\n\t\t\t\t\t\t\t\t\t<p><span style=\"color: #6d0038;\">Women\u2019s Health Support Group<\/span><\/p>\t\t\t\t\t\t\t\t<\/div>\n\t\t\t\t<\/div>\n\t\t\t\t<div class=\"elementor-element elementor-element-fb9217e elementor-widget elementor-widget-text-editor\" data-id=\"fb9217e\" data-element_type=\"widget\" data-e-type=\"widget\" data-widget_type=\"text-editor.default\">\n\t\t\t\t<div class=\"elementor-widget-container\">\n\t\t\t\t\t\t\t\t\t<p><span style=\"color: #6d0038;\">Como parte do tratamento completo administramos o <\/span><b style=\"color: #6d0038;\">Grupo de Apoio CORES<\/b><span style=\"color: #6d0038;\">, que beneficia pacientes do hospital Santa Marcelina de Itaquera com encontros semanais presencias, disponibilizando psic\u00f3logos, arteterapeutas, rodas de conversa, fisioterapeutas, entre outros, todos profissionais volunt\u00e1rios.<\/span><\/p>\t\t\t\t\t\t\t\t<\/div>\n\t\t\t\t<\/div>\n\t\t\t\t<div class=\"elementor-element elementor-element-df53fb7 elementor-widget elementor-widget-image\" data-id=\"df53fb7\" data-element_type=\"widget\" data-e-type=\"widget\" data-widget_type=\"image.default\">\n\t\t\t\t<div class=\"elementor-widget-container\">\n\t\t\t\t\t\t\t\t\t\t\t\t\t\t\t<img loading=\"lazy\" decoding=\"async\" width=\"800\" height=\"759\" src=\"https:\/\/www.protea.org.br\/wp-content\/uploads\/2026\/08\/Grupo-de-Apoio-Cores-Protea-edited-1024x971.jpeg\" class=\"attachment-large size-large wp-image-9183\" alt=\"\" srcset=\"https:\/\/www.protea.org.br\/wp-content\/uploads\/2026\/08\/Grupo-de-Apoio-Cores-Protea-edited-1024x971.jpeg 1024w, https:\/\/www.protea.org.br\/wp-content\/uploads\/2026\/08\/Grupo-de-Apoio-Cores-Protea-edited-300x285.jpeg 300w, https:\/\/www.protea.org.br\/wp-content\/uploads\/2026\/08\/Grupo-de-Apoio-Cores-Protea-edited-768x728.jpeg 768w, https:\/\/www.protea.org.br\/wp-content\/uploads\/2026\/08\/Grupo-de-Apoio-Cores-Protea-edited-13x12.jpeg 13w, https:\/\/www.protea.org.br\/wp-content\/uploads\/2026\/08\/Grupo-de-Apoio-Cores-Protea-edited.jpeg 1200w\" sizes=\"(max-width: 800px) 100vw, 800px\" \/>\t\t\t\t\t\t\t\t\t\t\t\t\t\t\t<\/div>\n\t\t\t\t<\/div>\n\t\t\t\t<div class=\"elementor-element elementor-element-edfc503 elementor-widget elementor-widget-text-editor\" data-id=\"edfc503\" data-element_type=\"widget\" data-e-type=\"widget\" data-widget_type=\"text-editor.default\">\n\t\t\t\t<div class=\"elementor-widget-container\">\n\t\t\t\t\t\t\t\t\t<p><span style=\"color: #6d0038;\">Fortalecemos o v\u00ednculo com as pacientes beneficiadas atrav\u00e9s dos encontros do\u00a0<strong>Grupo de Apoio \u00e0 Sa\u00fade da Mulher, uma parte complementar do tratamento.<\/strong>\u00a0No grupo, acompanhamos a evolu\u00e7\u00e3o emocional e social das pacientes atrav\u00e9s da partilha de sentimentos, dores e desafios, em um espa\u00e7o seguro e de acolhimento. Os volunt\u00e1rios que acompanham os encontros \u2013 profissionais psicoeducadores, psic\u00f3logos, ou arteterapeutas por exemplo \u2013 doam seu tempo e conhecimento para fortalecer as beneficiadas\u00a0<strong>The Protea<\/strong>\u00a0nesses dias, que contam sempre com a presen\u00e7a de nossa<b> assistente social<\/b><strong>.<\/strong><\/span><\/p>\t\t\t\t\t\t\t\t<\/div>\n\t\t\t\t<\/div>\n\t\t\t\t<div class=\"elementor-element elementor-element-d9b06a1 elementor-widget elementor-widget-image\" data-id=\"d9b06a1\" data-element_type=\"widget\" data-e-type=\"widget\" data-widget_type=\"image.default\">\n\t\t\t\t<div class=\"elementor-widget-container\">\n\t\t\t\t\t\t\t\t\t\t\t\t\t\t\t<img loading=\"lazy\" decoding=\"async\" width=\"800\" height=\"677\" src=\"https:\/\/www.protea.org.br\/wp-content\/uploads\/2026\/08\/direitos-das-pacientes-1-1024x867.jpeg\" class=\"attachment-large size-large wp-image-9198\" alt=\"\" srcset=\"https:\/\/www.protea.org.br\/wp-content\/uploads\/2026\/08\/direitos-das-pacientes-1-1024x867.jpeg 1024w, https:\/\/www.protea.org.br\/wp-content\/uploads\/2026\/08\/direitos-das-pacientes-1-300x254.jpeg 300w, https:\/\/www.protea.org.br\/wp-content\/uploads\/2026\/08\/direitos-das-pacientes-1-768x650.jpeg 768w, https:\/\/www.protea.org.br\/wp-content\/uploads\/2026\/08\/direitos-das-pacientes-1-1536x1300.jpeg 1536w, https:\/\/www.protea.org.br\/wp-content\/uploads\/2026\/08\/direitos-das-pacientes-1-2048x1733.jpeg 2048w, https:\/\/www.protea.org.br\/wp-content\/uploads\/2026\/08\/direitos-das-pacientes-1-14x12.jpeg 14w\" sizes=\"(max-width: 800px) 100vw, 800px\" \/>\t\t\t\t\t\t\t\t\t\t\t\t\t\t\t<\/div>\n\t\t\t\t<\/div>\n\t\t\t\t<div class=\"elementor-element elementor-element-6f490a9 elementor-widget elementor-widget-text-editor\" data-id=\"6f490a9\" data-element_type=\"widget\" data-e-type=\"widget\" data-widget_type=\"text-editor.default\">\n\t\t\t\t<div class=\"elementor-widget-container\">\n\t\t\t\t\t\t\t\t\t<p style=\"font-weight: 400;\"><span style=\"color: rgba(109,0,56,var(--o42jjq,1)); caret-color: #6d0038; --ys-xuq: none; font-weight: bold; font-kerning: normal;\">Cuidado Otimizado de Reabilita\u00e7\u00e3o Emocional e Social (CORES)<\/span><\/p><p><span style=\"color: rgba(109,0,56,var(--o42jjq,1)); caret-color: #6d0038; --ys-xuq: none; font-kerning: normal;\">O Grupo <\/span><span style=\"color: rgba(109,0,56,var(--o42jjq,1)); caret-color: #6d0038; --ys-xuq: none; font-weight: bold; font-kerning: normal;\">Cores<\/span><span style=\"color: rgba(109,0,56,var(--o42jjq,1)); caret-color: #6d0038; --ys-xuq: none; font-kerning: normal;\"> oferece atividades e servi\u00e7os que complementam o tratamento do c\u00e2ncer de mama para as pacientes do nosso hospital parceiro, Santa Marcelina de Itaquera. Fazemos a ponte entre o trabalho de nossos volunt\u00e1rios e as a\u00e7\u00f5es com parceiros doadores do Instituto para benefici\u00e1-las. At\u00e9 hoje, j\u00e1 tivemos:<br \/>+ <b>de 60<\/b> volunt\u00e1rios;<br \/>+ <b>de 700<\/b> atendimentos na esfera emocional (psicoterapia, arteterapia e mindfulness)<br \/>+ <b>de 500 <\/b>atendimentos na esfera f\u00edsica e social (fisioterapia, educa\u00e7\u00e3o f\u00edsica, cuidados est\u00e9ticos, yoga, micropigmenta\u00e7\u00e3o de sobrancelhas, reconstru\u00e7\u00e3o areolar, nutri\u00e7\u00e3o oncol\u00f3gica)<br \/>+ <b>de 400<\/b> pessoas beneficiadas indiretamente (incluindo cuidadores)<br \/>+ <b>60<\/b> pacientes ativas atualmente no grupo presencial<br \/>&#8211; projeto finalista do<b> Pr\u00eamio Humanizar a Sa\u00fade 2024 da Teva Brasil.<\/b><\/span><\/p>\t\t\t\t\t\t\t\t<\/div>\n\t\t\t\t<\/div>\n\t\t\t\t<\/div>\n\t\t\t\t\t<\/div>\n\t\t\t\t<\/div>\n\t\t\t\t<\/div>\n\t\t<div class=\"elementor-element elementor-element-bc458f9 e-flex e-con-boxed e-con e-parent\" data-id=\"bc458f9\" data-element_type=\"container\" data-e-type=\"container\">\n\t\t\t\t\t<div class=\"e-con-inner\">\n\t\t\t\t<div class=\"elementor-element elementor-element-7f4b509 elementor-widget elementor-widget-spacer\" data-id=\"7f4b509\" data-element_type=\"widget\" data-e-type=\"widget\" data-widget_type=\"spacer.default\">\n\t\t\t\t<div class=\"elementor-widget-container\">\n\t\t\t\t\t\t\t<div class=\"elementor-spacer\">\n\t\t\t<div class=\"elementor-spacer-inner\"><\/div>\n\t\t<\/div>\n\t\t\t\t\t\t<\/div>\n\t\t\t\t<\/div>\n\t\t\t\t\t<\/div>\n\t\t\t\t<\/div>\n\t\t\t\t<\/div>","protected":false},"excerpt":{"rendered":"<p>AMAR O\u00a0Instituto Protea, atrav\u00e9s de doa\u00e7\u00f5es e parcerias com hospitais particulares filantr\u00f3picos que atendem pacientes do SUS, ajuda a custear cirurgias, exames, consultas, quimioterapias e radioterapias contra o c\u00e2ncer de mama.\u00a0 Com o Hospital Santa Marcelina, nossa primeira parceria, iniciada em 2018, foi desenhado o projeto AMAR \u2013 atendimento ao C\u00e2ncer de Mama de alta [&hellip;]<\/p>\n","protected":false},"author":6,"featured_media":0,"parent":0,"menu_order":0,"comment_status":"closed","ping_status":"closed","template":"","meta":{"iawp_total_views":726,"footnotes":""},"class_list":["post-6054","page","type-page","status-publish","hentry"],"yoast_head":"<!-- This site is optimized with the Yoast SEO plugin v28.4 - https:\/\/yoast.com\/product\/yoast-seo-wordpress\/ -->\n<title>AMAR - Protea<\/title>\n<meta name=\"robots\" content=\"index, follow, max-snippet:-1, max-image-preview:large, max-video-preview:-1\" \/>\n<link rel=\"canonical\" href=\"https:\/\/www.protea.org.br\/en\/amar\/\" \/>\n<meta property=\"og:locale\" content=\"en_US\" \/>\n<meta property=\"og:type\" content=\"article\" \/>\n<meta property=\"og:title\" content=\"AMAR - Protea\" \/>\n<meta property=\"og:description\" content=\"AMAR O\u00a0Instituto Protea, atrav\u00e9s de doa\u00e7\u00f5es e parcerias com hospitais particulares filantr\u00f3picos que atendem pacientes do SUS, ajuda a custear cirurgias, exames, consultas, quimioterapias e radioterapias contra o c\u00e2ncer de mama.\u00a0 Com o Hospital Santa Marcelina, nossa primeira parceria, iniciada em 2018, foi desenhado o projeto AMAR \u2013 atendimento ao C\u00e2ncer de Mama de alta [&hellip;]\" \/>\n<meta property=\"og:url\" content=\"https:\/\/www.protea.org.br\/en\/amar\/\" \/>\n<meta property=\"og:site_name\" content=\"Protea\" \/>\n<meta property=\"article:modified_time\" content=\"2026-08-24T16:50:10+00:00\" \/>\n<meta property=\"og:image\" content=\"https:\/\/www.protea.org.br\/wp-content\/uploads\/2022\/05\/amar-3.jpg\" \/>\n\t<meta property=\"og:image:width\" content=\"600\" \/>\n\t<meta property=\"og:image:height\" content=\"600\" \/>\n\t<meta property=\"og:image:type\" content=\"image\/jpeg\" \/>\n<meta name=\"twitter:card\" content=\"summary_large_image\" \/>\n<meta name=\"twitter:label1\" content=\"Est. reading time\" \/>\n\t<meta name=\"twitter:data1\" content=\"4 minutes\" \/>\n<script type=\"application\/ld+json\" class=\"yoast-schema-graph\">{\"@context\":\"https:\\\/\\\/schema.org\",\"@graph\":[{\"@type\":\"WebPage\",\"@id\":\"https:\\\/\\\/www.protea.org.br\\\/amar\\\/\",\"url\":\"https:\\\/\\\/www.protea.org.br\\\/amar\\\/\",\"name\":\"AMAR - Protea\",\"isPartOf\":{\"@id\":\"https:\\\/\\\/www.protea.org.br\\\/#website\"},\"primaryImageOfPage\":{\"@id\":\"https:\\\/\\\/www.protea.org.br\\\/amar\\\/#primaryimage\"},\"image\":{\"@id\":\"https:\\\/\\\/www.protea.org.br\\\/amar\\\/#primaryimage\"},\"thumbnailUrl\":\"https:\\\/\\\/www.protea.org.br\\\/wp-content\\\/uploads\\\/2022\\\/05\\\/amar-3.jpg\",\"datePublished\":\"2025-08-21T05:26:02+00:00\",\"dateModified\":\"2026-08-24T16:50:10+00:00\",\"breadcrumb\":{\"@id\":\"https:\\\/\\\/www.protea.org.br\\\/amar\\\/#breadcrumb\"},\"inLanguage\":\"en-US\",\"potentialAction\":[{\"@type\":\"ReadAction\",\"target\":[\"https:\\\/\\\/www.protea.org.br\\\/amar\\\/\"]}]},{\"@type\":\"ImageObject\",\"inLanguage\":\"en-US\",\"@id\":\"https:\\\/\\\/www.protea.org.br\\\/amar\\\/#primaryimage\",\"url\":\"https:\\\/\\\/www.protea.org.br\\\/wp-content\\\/uploads\\\/2022\\\/05\\\/amar-3.jpg\",\"contentUrl\":\"https:\\\/\\\/www.protea.org.br\\\/wp-content\\\/uploads\\\/2022\\\/05\\\/amar-3.jpg\"},{\"@type\":\"BreadcrumbList\",\"@id\":\"https:\\\/\\\/www.protea.org.br\\\/amar\\\/#breadcrumb\",\"itemListElement\":[{\"@type\":\"ListItem\",\"position\":1,\"name\":\"In\u00edcio\",\"item\":\"https:\\\/\\\/www.protea.org.br\\\/\"},{\"@type\":\"ListItem\",\"position\":2,\"name\":\"AMAR\"}]},{\"@type\":\"WebSite\",\"@id\":\"https:\\\/\\\/www.protea.org.br\\\/#website\",\"url\":\"https:\\\/\\\/www.protea.org.br\\\/\",\"name\":\"Protea\",\"description\":\"Tudo pela cura do c\u00e2ncer de mama.\",\"publisher\":{\"@id\":\"https:\\\/\\\/www.protea.org.br\\\/#organization\"},\"potentialAction\":[{\"@type\":\"SearchAction\",\"target\":{\"@type\":\"EntryPoint\",\"urlTemplate\":\"https:\\\/\\\/www.protea.org.br\\\/?s={search_term_string}\"},\"query-input\":{\"@type\":\"PropertyValueSpecification\",\"valueRequired\":true,\"valueName\":\"search_term_string\"}}],\"inLanguage\":\"en-US\"},{\"@type\":\"Organization\",\"@id\":\"https:\\\/\\\/www.protea.org.br\\\/#organization\",\"name\":\"Protea\",\"url\":\"https:\\\/\\\/www.protea.org.br\\\/\",\"logo\":{\"@type\":\"ImageObject\",\"inLanguage\":\"en-US\",\"@id\":\"https:\\\/\\\/www.protea.org.br\\\/#\\\/schema\\\/logo\\\/image\\\/\",\"url\":\"https:\\\/\\\/www.protea.org.br\\\/wp-content\\\/uploads\\\/2022\\\/04\\\/protea-logotipo.png\",\"contentUrl\":\"https:\\\/\\\/www.protea.org.br\\\/wp-content\\\/uploads\\\/2022\\\/04\\\/protea-logotipo.png\",\"width\":1222,\"height\":363,\"caption\":\"Protea\"},\"image\":{\"@id\":\"https:\\\/\\\/www.protea.org.br\\\/#\\\/schema\\\/logo\\\/image\\\/\"}}]}<\/script>\n<!-- \/ Yoast SEO plugin. -->","yoast_head_json":{"title":"AMAR - Protea","robots":{"index":"index","follow":"follow","max-snippet":"max-snippet:-1","max-image-preview":"max-image-preview:large","max-video-preview":"max-video-preview:-1"},"canonical":"https:\/\/www.protea.org.br\/en\/amar\/","og_locale":"en_US","og_type":"article","og_title":"AMAR - Protea","og_description":"AMAR O\u00a0Instituto Protea, atrav\u00e9s de doa\u00e7\u00f5es e parcerias com hospitais particulares filantr\u00f3picos que atendem pacientes do SUS, ajuda a custear cirurgias, exames, consultas, quimioterapias e radioterapias contra o c\u00e2ncer de mama.\u00a0 Com o Hospital Santa Marcelina, nossa primeira parceria, iniciada em 2018, foi desenhado o projeto AMAR \u2013 atendimento ao C\u00e2ncer de Mama de alta [&hellip;]","og_url":"https:\/\/www.protea.org.br\/en\/amar\/","og_site_name":"Protea","article_modified_time":"2026-08-24T16:50:10+00:00","og_image":[{"width":600,"height":600,"url":"https:\/\/www.protea.org.br\/wp-content\/uploads\/2022\/05\/amar-3.jpg","type":"image\/jpeg"}],"twitter_card":"summary_large_image","twitter_misc":{"Est. reading time":"4 minutes"},"schema":{"@context":"https:\/\/schema.org","@graph":[{"@type":"WebPage","@id":"https:\/\/www.protea.org.br\/amar\/","url":"https:\/\/www.protea.org.br\/amar\/","name":"AMAR - Protea","isPartOf":{"@id":"https:\/\/www.protea.org.br\/#website"},"primaryImageOfPage":{"@id":"https:\/\/www.protea.org.br\/amar\/#primaryimage"},"image":{"@id":"https:\/\/www.protea.org.br\/amar\/#primaryimage"},"thumbnailUrl":"https:\/\/www.protea.org.br\/wp-content\/uploads\/2022\/05\/amar-3.jpg","datePublished":"2025-08-21T05:26:02+00:00","dateModified":"2026-08-24T16:50:10+00:00","breadcrumb":{"@id":"https:\/\/www.protea.org.br\/amar\/#breadcrumb"},"inLanguage":"en-US","potentialAction":[{"@type":"ReadAction","target":["https:\/\/www.protea.org.br\/amar\/"]}]},{"@type":"ImageObject","inLanguage":"en-US","@id":"https:\/\/www.protea.org.br\/amar\/#primaryimage","url":"https:\/\/www.protea.org.br\/wp-content\/uploads\/2022\/05\/amar-3.jpg","contentUrl":"https:\/\/www.protea.org.br\/wp-content\/uploads\/2022\/05\/amar-3.jpg"},{"@type":"BreadcrumbList","@id":"https:\/\/www.protea.org.br\/amar\/#breadcrumb","itemListElement":[{"@type":"ListItem","position":1,"name":"In\u00edcio","item":"https:\/\/www.protea.org.br\/"},{"@type":"ListItem","position":2,"name":"AMAR"}]},{"@type":"WebSite","@id":"https:\/\/www.protea.org.br\/#website","url":"https:\/\/www.protea.org.br\/","name":"The Protea","description":"Tudo pela cura do c\u00e2ncer de mama.","publisher":{"@id":"https:\/\/www.protea.org.br\/#organization"},"potentialAction":[{"@type":"SearchAction","target":{"@type":"EntryPoint","urlTemplate":"https:\/\/www.protea.org.br\/?s={search_term_string}"},"query-input":{"@type":"PropertyValueSpecification","valueRequired":true,"valueName":"search_term_string"}}],"inLanguage":"en-US"},{"@type":"Organization","@id":"https:\/\/www.protea.org.br\/#organization","name":"The Protea","url":"https:\/\/www.protea.org.br\/","logo":{"@type":"ImageObject","inLanguage":"en-US","@id":"https:\/\/www.protea.org.br\/#\/schema\/logo\/image\/","url":"https:\/\/www.protea.org.br\/wp-content\/uploads\/2022\/04\/protea-logotipo.png","contentUrl":"https:\/\/www.protea.org.br\/wp-content\/uploads\/2022\/04\/protea-logotipo.png","width":1222,"height":363,"caption":"Protea"},"image":{"@id":"https:\/\/www.protea.org.br\/#\/schema\/logo\/image\/"}}]}},"_links":{"self":[{"href":"https:\/\/www.protea.org.br\/en\/wp-json\/wp\/v2\/pages\/6054","targetHints":{"allow":["GET"]}}],"collection":[{"href":"https:\/\/www.protea.org.br\/en\/wp-json\/wp\/v2\/pages"}],"about":[{"href":"https:\/\/www.protea.org.br\/en\/wp-json\/wp\/v2\/types\/page"}],"author":[{"embeddable":true,"href":"https:\/\/www.protea.org.br\/en\/wp-json\/wp\/v2\/users\/6"}],"replies":[{"embeddable":true,"href":"https:\/\/www.protea.org.br\/en\/wp-json\/wp\/v2\/comments?post=6054"}],"version-history":[{"count":19,"href":"https:\/\/www.protea.org.br\/en\/wp-json\/wp\/v2\/pages\/6054\/revisions"}],"predecessor-version":[{"id":9201,"href":"https:\/\/www.protea.org.br\/en\/wp-json\/wp\/v2\/pages\/6054\/revisions\/9201"}],"wp:attachment":[{"href":"https:\/\/www.protea.org.br\/en\/wp-json\/wp\/v2\/media?parent=6054"}],"curies":[{"name":"wp","href":"https:\/\/api.w.org\/{rel}","templated":true}]}}