{"id":5374,"date":"2025-07-29T22:32:43","date_gmt":"2025-07-30T01:32:43","guid":{"rendered":"https:\/\/www.protea.org.br\/?page_id=5374"},"modified":"2026-07-27T01:07:11","modified_gmt":"2026-07-27T04:07:11","slug":"quem-somos","status":"publish","type":"page","link":"https:\/\/www.protea.org.br\/en\/quem-somos\/","title":{"rendered":"About Us"},"content":{"rendered":"<div data-elementor-type=\"wp-page\" data-elementor-id=\"5374\" class=\"elementor elementor-5374\" data-elementor-post-type=\"page\">\n\t\t\t\t<div class=\"elementor-element elementor-element-3e8da7e6 e-con-full e-flex e-con e-parent\" data-id=\"3e8da7e6\" data-element_type=\"container\" data-e-type=\"container\" data-settings=\"{&quot;background_background&quot;:&quot;classic&quot;}\">\n\t\t<div class=\"elementor-element elementor-element-2ba7e82b e-flex e-con-boxed e-con e-child\" data-id=\"2ba7e82b\" data-element_type=\"container\" data-e-type=\"container\">\n\t\t\t\t\t<div class=\"e-con-inner\">\n\t\t<div class=\"elementor-element elementor-element-75168c96 e-con-full e-flex e-con e-child\" data-id=\"75168c96\" data-element_type=\"container\" data-e-type=\"container\">\n\t\t\t\t<div class=\"elementor-element elementor-element-ff3938e elementor-widget elementor-widget-text-editor\" data-id=\"ff3938e\" data-element_type=\"widget\" data-e-type=\"widget\" data-widget_type=\"text-editor.default\">\n\t\t\t\t<div class=\"elementor-widget-container\">\n\t\t\t\t\t\t\t\t\t<p>Learn about Protea<\/p>\t\t\t\t\t\t\t\t<\/div>\n\t\t\t\t<\/div>\n\t\t\t\t<div class=\"elementor-element elementor-element-7cc7dee3 elementor-widget elementor-widget-text-editor\" data-id=\"7cc7dee3\" data-element_type=\"widget\" data-e-type=\"widget\" data-widget_type=\"text-editor.default\">\n\t\t\t\t<div class=\"elementor-widget-container\">\n\t\t\t\t\t\t\t\t\t<p>The\u00a0<strong>Protea Institute<\/strong> \u00e9 uma organiza\u00e7\u00e3o sem fins lucrativos fundada em 2018, dedicada a reduzir a taxa de mortalidade do c\u00e2ncer de mama no Brasil.<\/p>\t\t\t\t\t\t\t\t<\/div>\n\t\t\t\t<\/div>\n\t\t\t\t<\/div>\n\t\t\t\t\t<\/div>\n\t\t\t\t<\/div>\n\t\t\t\t<\/div>\n\t\t<div class=\"elementor-element elementor-element-0f77106 elementor-hidden-desktop elementor-hidden-tablet elementor-hidden-mobile e-flex e-con-boxed e-con e-parent\" data-id=\"0f77106\" data-element_type=\"container\" data-e-type=\"container\">\n\t\t\t\t\t<div class=\"e-con-inner\">\n\t\t<div class=\"elementor-element elementor-element-fb8ce2a e-con-full e-flex e-con e-child\" data-id=\"fb8ce2a\" data-element_type=\"container\" data-e-type=\"container\" data-settings=\"{&quot;background_background&quot;:&quot;classic&quot;}\">\n\t\t\t\t<div class=\"elementor-element elementor-element-1d984a0 accordion-up elementor-widget elementor-widget-n-accordion\" data-id=\"1d984a0\" data-element_type=\"widget\" data-e-type=\"widget\" data-settings=\"{&quot;default_state&quot;:&quot;all_collapsed&quot;,&quot;n_accordion_animation_duration&quot;:{&quot;unit&quot;:&quot;ms&quot;,&quot;size&quot;:300,&quot;sizes&quot;:[]},&quot;max_items_expended&quot;:&quot;one&quot;}\" data-widget_type=\"nested-accordion.default\">\n\t\t\t\t<div class=\"elementor-widget-container\">\n\t\t\t\t\t\t\t<div class=\"e-n-accordion\" aria-label=\"Accordion. Open links with Enter or Space, close with Escape, and navigate with Arrow Keys\">\n\t\t\t\t\t\t<details id=\"e-n-accordion-item-3100\" class=\"e-n-accordion-item\" >\n\t\t\t\t<summary class=\"e-n-accordion-item-title\" data-accordion-index=\"1\" tabindex=\"0\" aria-expanded=\"false\" aria-controls=\"e-n-accordion-item-3100\" >\n\t\t\t\t\t<span class='e-n-accordion-item-title-header'><div class=\"e-n-accordion-item-title-text\"> Donate  <\/div><\/span>\n\t\t\t\t\t\t\t<span class='e-n-accordion-item-title-icon'>\n\t\t\t<span class='e-opened' ><i aria-hidden=\"true\" class=\"fas fa-angle-down\"><\/i><\/span>\n\t\t\t<span class='e-closed'><i aria-hidden=\"true\" class=\"fas fa-angle-up\"><\/i><\/span>\n\t\t<\/span>\n\n\t\t\t\t\t\t<\/summary>\n\t\t\t\t<div role=\"region\" aria-labelledby=\"e-n-accordion-item-3100\" class=\"elementor-element elementor-element-f278d2b e-con-full e-flex e-con e-child\" data-id=\"f278d2b\" data-element_type=\"container\" data-e-type=\"container\" data-settings=\"{&quot;background_background&quot;:&quot;classic&quot;}\">\n\t\t<div role=\"region\" aria-labelledby=\"e-n-accordion-item-3100\" class=\"elementor-element elementor-element-d93150b e-flex e-con-boxed e-con e-child\" data-id=\"d93150b\" data-element_type=\"container\" data-e-type=\"container\">\n\t\t\t\t\t<div class=\"e-con-inner\">\n\t\t\t\t<div class=\"elementor-element elementor-element-d04732c e-n-tabs-mobile elementor-widget elementor-widget-n-tabs\" data-id=\"d04732c\" data-element_type=\"widget\" data-e-type=\"widget\" data-settings=\"{&quot;tabs_justify_horizontal&quot;:&quot;stretch&quot;,&quot;horizontal_scroll&quot;:&quot;disable&quot;}\" data-widget_type=\"nested-tabs.default\">\n\t\t\t\t<div class=\"elementor-widget-container\">\n\t\t\t\t\t\t\t<div class=\"e-n-tabs\" data-widget-number=\"218395436\" aria-label=\"Tabs. Open items with Enter or Space, close with Escape and navigate using the Arrow keys.\">\n\t\t\t<div class=\"e-n-tabs-heading\" role=\"tablist\">\n\t\t\t\t\t<button id=\"e-n-tab-title-2183954361\" data-tab-title-id=\"e-n-tab-title-2183954361\" class=\"e-n-tab-title\" aria-selected=\"true\" data-tab-index=\"1\" role=\"tab\" tabindex=\"0\" aria-controls=\"e-n-tab-content-2183954361\" style=\"--n-tabs-title-order: 1;\">\n\t\t\t\t\t\t<span class=\"e-n-tab-title-text\">\n\t\t\t\t\t\t\t<\/span>\n\t\t<\/button>\n\t\t\t\t\t<\/div>\n\t\t\t<div class=\"e-n-tabs-content\">\n\t\t\t\t<div role=\"region tabpanel\" aria-labelledby=\"e-n-accordion-item-3100 e-n-tab-title-2183954361\" id=\"e-n-tab-content-2183954361\" data-tab-index=\"1\" style=\"--n-tabs-title-order: 1;\" class=\"e-active elementor-element elementor-element-775abe8 e-con-full e-flex e-con e-child\" data-id=\"775abe8\" data-element_type=\"container\" data-e-type=\"container\">\n\t\t<div role=\"region\" aria-labelledby=\"e-n-accordion-item-3100\" class=\"elementor-element elementor-element-46f3a6a e-flex e-con-boxed e-con e-child\" data-id=\"46f3a6a\" data-element_type=\"container\" data-e-type=\"container\">\n\t\t\t\t\t<div class=\"e-con-inner\">\n\t\t\t\t<div class=\"elementor-element elementor-element-7d14e1b elementor-widget elementor-widget-image\" data-id=\"7d14e1b\" data-element_type=\"widget\" data-e-type=\"widget\" data-widget_type=\"image.default\">\n\t\t\t\t<div class=\"elementor-widget-container\">\n\t\t\t\t\t\t\t\t\t\t\t\t\t\t\t<img fetchpriority=\"high\" decoding=\"async\" width=\"700\" height=\"305\" src=\"https:\/\/www.protea.org.br\/wp-content\/uploads\/2025\/09\/protea-transfira-o-valor-que-desejar.jpg\" class=\"attachment-large size-large wp-image-8068\" alt=\"Doe para o Protea\" srcset=\"https:\/\/www.protea.org.br\/wp-content\/uploads\/2025\/09\/protea-transfira-o-valor-que-desejar.jpg 700w, https:\/\/www.protea.org.br\/wp-content\/uploads\/2025\/09\/protea-transfira-o-valor-que-desejar-300x131.jpg 300w, https:\/\/www.protea.org.br\/wp-content\/uploads\/2025\/09\/protea-transfira-o-valor-que-desejar-18x8.jpg 18w\" sizes=\"(max-width: 700px) 100vw, 700px\" \/>\t\t\t\t\t\t\t\t\t\t\t\t\t\t\t<\/div>\n\t\t\t\t<\/div>\n\t\t\t\t<div class=\"elementor-element elementor-element-0221e31 elementor-widget elementor-widget-html\" data-id=\"0221e31\" data-element_type=\"widget\" data-e-type=\"widget\" data-widget_type=\"html.default\">\n\t\t\t\t<div class=\"elementor-widget-container\">\n\t\t\t\t\t<div style=\"display: flex; align-items: center; gap: 10px;\">\n  <label style=\"font-weight: bold;\">PIX<\/label>\n  <input type=\"text\" id=\"pixCode\" value=\"30817976000112\" readonly style=\"padding: 8px 12px; font-size: 16px; border: 1px solid #ddd; border-radius: 6px; width: 160px;\">\n  <button onclick=\"copyPix()\" \n    style=\"background-color: black; color: white; padding: 8px 16px; font-size: 16px; border: none; border-radius: 6px; cursor: pointer;\">\n    Copy\n  <\/button>\n<\/div>\n\n<script>\nfunction copyPix() {\n  var copyText = document.getElementById(\"pixCode\");\n  copyText.select();\n  copyText.setSelectionRange(0, 99999); \/\/ para mobile\n  navigator.clipboard.writeText(copyText.value).then(function() {\n    alert(\"C\u00f3digo PIX copiado!\");\n  });\n}\n<\/script>\t\t\t\t<\/div>\n\t\t\t\t<\/div>\n\t\t\t\t\t<\/div>\n\t\t\t\t<\/div>\n\t\t\t\t<\/div>\n\t\t\t\t\t<\/div>\n\t\t<\/div>\n\t\t\t\t\t\t<\/div>\n\t\t\t\t<\/div>\n\t\t\t\t\t<\/div>\n\t\t\t\t<\/div>\n\t\t\t\t<\/div>\n\t\t\t\t\t<\/details>\n\t\t\t\t\t<\/div>\n\t\t\t\t\t\t<\/div>\n\t\t\t\t<\/div>\n\t\t\t\t<\/div>\n\t\t\t\t\t<\/div>\n\t\t\t\t<\/div>\n\t\t<div class=\"elementor-element elementor-element-70b1aae0 e-con-full e-flex e-con e-parent\" data-id=\"70b1aae0\" data-element_type=\"container\" data-e-type=\"container\" data-settings=\"{&quot;background_background&quot;:&quot;classic&quot;}\">\n\t\t<div class=\"elementor-element elementor-element-6508756b e-flex e-con-boxed e-con e-child\" data-id=\"6508756b\" data-element_type=\"container\" data-e-type=\"container\">\n\t\t\t\t\t<div class=\"e-con-inner\">\n\t\t<div class=\"elementor-element elementor-element-49a32bb e-con-full e-flex e-con e-child\" data-id=\"49a32bb\" data-element_type=\"container\" data-e-type=\"container\">\n\t\t\t\t<div class=\"elementor-element elementor-element-98dc26d elementor-widget elementor-widget-text-editor\" data-id=\"98dc26d\" data-element_type=\"widget\" data-e-type=\"widget\" data-widget_type=\"text-editor.default\">\n\t\t\t\t<div class=\"elementor-widget-container\">\n\t\t\t\t\t\t\t\t\t<p>Para isso, atuamos em\u00a0<strong>2 grandes eixos estrat\u00e9gicos: <\/strong>tratamento e diagn\u00f3stico precoce.\u00a0<br \/><strong>Custeamos o tratamento do c\u00e2ncer de mama de mulheres de baixa renda\u00a0e\u00a0promovemos iniciativas de preven\u00e7\u00e3o, rastreamento com foco no diagn\u00f3stico precoce,<\/strong> etapa fundamental para aumentar as chances de cura, que podem chegar a\u00a0<strong>95%.<\/strong><\/p><p>Somos a\u00a0<strong>\u00fanica ONG no Brasil que impacta a jornada do c\u00e2ncer de mama de ponta a ponta<\/strong>, acompanhando cada mulher para que ela tenha acesso r\u00e1pido ao diagn\u00f3stico e ao tratamento, cuidado cont\u00ednuo e n\u00e3o se perca em nenhum momento do caminho.<\/p>\t\t\t\t\t\t\t\t<\/div>\n\t\t\t\t<\/div>\n\t\t\t\t<\/div>\n\t\t\t\t\t<\/div>\n\t\t\t\t<\/div>\n\t\t\t\t<\/div>\n\t\t<div class=\"elementor-element elementor-element-4c8e001 e-flex e-con-boxed e-con e-parent\" data-id=\"4c8e001\" data-element_type=\"container\" data-e-type=\"container\" data-settings=\"{&quot;background_background&quot;:&quot;classic&quot;}\">\n\t\t\t\t\t<div class=\"e-con-inner\">\n\t\t<div class=\"elementor-element elementor-element-78df1fe1 e-con-full e-flex e-con e-child\" data-id=\"78df1fe1\" data-element_type=\"container\" data-e-type=\"container\" data-settings=\"{&quot;background_background&quot;:&quot;classic&quot;}\">\n\t\t<div class=\"elementor-element elementor-element-56ada29 e-con-full e-flex e-con e-child\" data-id=\"56ada29\" data-element_type=\"container\" data-e-type=\"container\">\n\t\t\t\t<div class=\"elementor-element elementor-element-8c44550 elementor-widget elementor-widget-text-editor\" data-id=\"8c44550\" data-element_type=\"widget\" data-e-type=\"widget\" data-widget_type=\"text-editor.default\">\n\t\t\t\t<div class=\"elementor-widget-container\">\n\t\t\t\t\t\t\t\t\t<p>Temos uma <b>flor resiliente<\/b><br \/>as our inspiration<\/p>\t\t\t\t\t\t\t\t<\/div>\n\t\t\t\t<\/div>\n\t\t\t\t<div class=\"elementor-element elementor-element-14b5785 elementor-widget elementor-widget-text-editor\" data-id=\"14b5785\" data-element_type=\"widget\" data-e-type=\"widget\" data-widget_type=\"text-editor.default\">\n\t\t\t\t<div class=\"elementor-widget-container\">\n\t\t\t\t\t\t\t\t\t<p>The protea is one of the most beautiful and ancient flowers in the world. Native to South Africa, it is named after the Greek god Proteus, a deity with the power of metamorphosis.<\/p><p>Like the god it is named after, the Protea flower has the ability to transform and adapt to harsh environmental conditions. Robust and resilient, the Protea signifies transformation, hope and strength, and represents our patients' ability to adapt and overcome breast cancer.<\/p>\t\t\t\t\t\t\t\t<\/div>\n\t\t\t\t<\/div>\n\t\t\t\t<\/div>\n\t\t<div class=\"elementor-element elementor-element-df97325 e-con-full e-flex e-con e-child\" data-id=\"df97325\" data-element_type=\"container\" data-e-type=\"container\">\n\t\t\t\t<div class=\"elementor-element elementor-element-4c81b7b elementor-widget elementor-widget-image\" data-id=\"4c81b7b\" data-element_type=\"widget\" data-e-type=\"widget\" data-widget_type=\"image.default\">\n\t\t\t\t<div class=\"elementor-widget-container\">\n\t\t\t\t\t\t\t\t\t\t\t\t\t\t\t<img decoding=\"async\" width=\"363\" height=\"363\" src=\"https:\/\/www.protea.org.br\/wp-content\/uploads\/2022\/04\/icon-protea.png\" class=\"attachment-full size-full wp-image-29\" alt=\"\" srcset=\"https:\/\/www.protea.org.br\/wp-content\/uploads\/2022\/04\/icon-protea.png 363w, https:\/\/www.protea.org.br\/wp-content\/uploads\/2022\/04\/icon-protea-300x300.png 300w, https:\/\/www.protea.org.br\/wp-content\/uploads\/2022\/04\/icon-protea-150x150.png 150w\" sizes=\"(max-width: 363px) 100vw, 363px\" \/>\t\t\t\t\t\t\t\t\t\t\t\t\t\t\t<\/div>\n\t\t\t\t<\/div>\n\t\t\t\t<\/div>\n\t\t\t\t<\/div>\n\t\t\t\t\t<\/div>\n\t\t\t\t<\/div>\n\t\t<div class=\"elementor-element elementor-element-1f942f1 e-con-full e-flex e-con e-parent\" data-id=\"1f942f1\" data-element_type=\"container\" data-e-type=\"container\" data-settings=\"{&quot;background_background&quot;:&quot;classic&quot;}\">\n\t\t<div class=\"elementor-element elementor-element-65584f18 e-flex e-con-boxed e-con e-child\" data-id=\"65584f18\" data-element_type=\"container\" data-e-type=\"container\" data-settings=\"{&quot;background_background&quot;:&quot;classic&quot;}\">\n\t\t\t\t\t<div class=\"e-con-inner\">\n\t\t<div class=\"elementor-element elementor-element-12f629e3 e-con-full e-flex e-con e-child\" data-id=\"12f629e3\" data-element_type=\"container\" data-e-type=\"container\">\n\t\t\t\t<div class=\"elementor-element elementor-element-30be8712 elementor-widget elementor-widget-text-editor\" data-id=\"30be8712\" data-element_type=\"widget\" data-e-type=\"widget\" data-widget_type=\"text-editor.default\">\n\t\t\t\t<div class=\"elementor-widget-container\">\n\t\t\t\t\t\t\t\t\t<p><span style=\"color: #6d0038;\"><strong>Our journey began <\/strong><\/span><br \/><span style=\"color: #6d0038;\"><strong>com uma hist\u00f3ria de supera\u00e7\u00e3o<\/strong><\/span><\/p>\t\t\t\t\t\t\t\t<\/div>\n\t\t\t\t<\/div>\n\t\t\t\t<\/div>\n\t\t\t\t\t<\/div>\n\t\t\t\t<\/div>\n\t\t<div class=\"elementor-element elementor-element-b45c4cb e-flex e-con-boxed e-con e-child\" data-id=\"b45c4cb\" data-element_type=\"container\" data-e-type=\"container\" data-settings=\"{&quot;background_background&quot;:&quot;classic&quot;}\">\n\t\t\t\t\t<div class=\"e-con-inner\">\n\t\t<div class=\"elementor-element elementor-element-6a2a787 e-con-full e-flex e-con e-child\" data-id=\"6a2a787\" data-element_type=\"container\" data-e-type=\"container\">\n\t\t\t\t<div class=\"elementor-element elementor-element-e518ea5 elementor-widget elementor-widget-image\" data-id=\"e518ea5\" data-element_type=\"widget\" data-e-type=\"widget\" data-widget_type=\"image.default\">\n\t\t\t\t<div class=\"elementor-widget-container\">\n\t\t\t\t\t\t\t\t\t\t\t\t\t\t\t<img decoding=\"async\" width=\"800\" height=\"800\" src=\"https:\/\/www.protea.org.br\/wp-content\/uploads\/2025\/07\/Gabriella-Antici-Instituto-Protea-1024x1024.png\" class=\"attachment-large size-large wp-image-5408\" alt=\"\" srcset=\"https:\/\/www.protea.org.br\/wp-content\/uploads\/2025\/07\/Gabriella-Antici-Instituto-Protea-1024x1024.png 1024w, https:\/\/www.protea.org.br\/wp-content\/uploads\/2025\/07\/Gabriella-Antici-Instituto-Protea-300x300.png 300w, https:\/\/www.protea.org.br\/wp-content\/uploads\/2025\/07\/Gabriella-Antici-Instituto-Protea-150x150.png 150w, https:\/\/www.protea.org.br\/wp-content\/uploads\/2025\/07\/Gabriella-Antici-Instituto-Protea-768x768.png 768w, https:\/\/www.protea.org.br\/wp-content\/uploads\/2025\/07\/Gabriella-Antici-Instituto-Protea-12x12.png 12w, https:\/\/www.protea.org.br\/wp-content\/uploads\/2025\/07\/Gabriella-Antici-Instituto-Protea.png 1500w\" sizes=\"(max-width: 800px) 100vw, 800px\" \/>\t\t\t\t\t\t\t\t\t\t\t\t\t\t\t<\/div>\n\t\t\t\t<\/div>\n\t\t\t\t<div class=\"elementor-element elementor-element-80b9932 elementor-widget elementor-widget-text-editor\" data-id=\"80b9932\" data-element_type=\"widget\" data-e-type=\"widget\" data-widget_type=\"text-editor.default\">\n\t\t\t\t<div class=\"elementor-widget-container\">\n\t\t\t\t\t\t\t\t\t<p><strong>GABI ANTICI<\/strong><br \/>Idealizadora e fundadora<br \/>do Instituto Protea<\/p>\t\t\t\t\t\t\t\t<\/div>\n\t\t\t\t<\/div>\n\t\t\t\t<\/div>\n\t\t<div class=\"elementor-element elementor-element-5bf9a85 e-con-full e-flex e-con e-child\" data-id=\"5bf9a85\" data-element_type=\"container\" data-e-type=\"container\">\n\t\t\t\t<div class=\"elementor-element elementor-element-e0dbfe0 elementor-widget elementor-widget-text-editor\" data-id=\"e0dbfe0\" data-element_type=\"widget\" data-e-type=\"widget\" data-widget_type=\"text-editor.default\">\n\t\t\t\t<div class=\"elementor-widget-container\">\n\t\t\t\t\t\t\t\t\t<p>Cancer is part of my family history. My maternal grandmother had breast cancer, received treatment and recovered. My paternal aunt and my sister were diagnosed with it at the age of 34, and I have had it twice. I underwent two surgeries, chemotherapy and radiotherapy, finishing my treatment in September 2018. We all recovered.<\/p>\t\t\t\t\t\t\t\t<\/div>\n\t\t\t\t<\/div>\n\t\t\t\t<div class=\"elementor-element elementor-element-4faed95 elementor-widget elementor-widget-text-editor\" data-id=\"4faed95\" data-element_type=\"widget\" data-e-type=\"widget\" data-widget_type=\"text-editor.default\">\n\t\t\t\t<div class=\"elementor-widget-container\">\n\t\t\t\t\t\t\t\t\t<p>If I had to rewrite my story, I would do it by including overcoming Breast Cancer. When I was diagnosed for the second time, I received a phone call from a friend who wanted news after my second surgery. I told her that I was fine, because this time I had found it early and that I would be fine with the treatment. I just had to thank God. That\u2019s when she told me about a 30-year-old woman who, newly diagnosed with breast cancer, would have to wait 6 months to have her surgery. At the time, I thought: my God, this is not possible. It is not fair that I can be treated twice and be cured and this girl has to wait. I have to do something!<br \/>Immediately the idea came to create an NGO that, on the one hand, would raise funds from many donors, and on the other, would partner with private and philanthropic hospitals to treat these women and reduce the time between diagnosis and starting treatment. Thus, Protea Institute was born.<br \/>Having studied the subject, I discovered that the situation regarding this disease in Brazil is really worrying. Our mortality rate is almost three times higher than in the US and Europe. This is why we must mobilise society to reverse this situation.<br \/>Our main goal is to reduce this mortality rate so that survival reaches 90-95% in Brazil. To this end, we will partner with private and philanthropic hospitals to increase the number of women treated and decrease the time between diagnosis and starting treatment. I convened the Advisory Board in November 2017 and we started structuring Protea in February 2018. In June, it was officially born and in November we started to provide services to patients in partnership with the Santa Marcelina Hospital.<\/p>\t\t\t\t\t\t\t\t<\/div>\n\t\t\t\t<\/div>\n\t\t\t\t<\/div>\n\t\t\t\t\t<\/div>\n\t\t\t\t<\/div>\n\t\t\t\t<\/div>\n\t\t<div class=\"elementor-element elementor-element-b916ca2 e-con-full e-flex e-con e-parent\" data-id=\"b916ca2\" data-element_type=\"container\" data-e-type=\"container\" data-settings=\"{&quot;background_background&quot;:&quot;classic&quot;}\">\n\t\t<div class=\"elementor-element elementor-element-46f286e e-flex e-con-boxed e-con e-child\" data-id=\"46f286e\" data-element_type=\"container\" data-e-type=\"container\" data-settings=\"{&quot;background_background&quot;:&quot;classic&quot;}\">\n\t\t\t\t\t<div class=\"e-con-inner\">\n\t\t<div class=\"elementor-element elementor-element-3a91cf8 e-con-full e-flex e-con e-child\" data-id=\"3a91cf8\" data-element_type=\"container\" data-e-type=\"container\">\n\t\t\t\t<div class=\"elementor-element elementor-element-7ace2c3 elementor-widget elementor-widget-text-editor\" data-id=\"7ace2c3\" data-element_type=\"widget\" data-e-type=\"widget\" data-widget_type=\"text-editor.default\">\n\t\t\t\t<div class=\"elementor-widget-container\">\n\t\t\t\t\t\t\t\t\t<p><span style=\"color: #6d0038;\"><strong>We fight so that breast cancer does not have to be the final chapter in anyone's story<\/strong><\/span><\/p>\t\t\t\t\t\t\t\t<\/div>\n\t\t\t\t<\/div>\n\t\t\t\t<\/div>\n\t\t\t\t\t<\/div>\n\t\t\t\t<\/div>\n\t\t<div class=\"elementor-element elementor-element-f61cb91 e-flex e-con-boxed e-con e-child\" data-id=\"f61cb91\" data-element_type=\"container\" data-e-type=\"container\" data-settings=\"{&quot;background_background&quot;:&quot;classic&quot;}\">\n\t\t\t\t\t<div class=\"e-con-inner\">\n\t\t<div class=\"elementor-element elementor-element-d649cb7 e-con-full e-flex e-con e-child\" data-id=\"d649cb7\" data-element_type=\"container\" data-e-type=\"container\" data-settings=\"{&quot;background_background&quot;:&quot;classic&quot;}\">\n\t\t\t\t<div class=\"elementor-element elementor-element-ed8aedf elementor-widget elementor-widget-image\" data-id=\"ed8aedf\" data-element_type=\"widget\" data-e-type=\"widget\" data-widget_type=\"image.default\">\n\t\t\t\t<div class=\"elementor-widget-container\">\n\t\t\t\t\t\t\t\t\t\t\t\t\t\t\t<img loading=\"lazy\" decoding=\"async\" width=\"800\" height=\"800\" src=\"https:\/\/www.protea.org.br\/wp-content\/uploads\/2025\/07\/missao.png\" class=\"attachment-large size-large wp-image-5410\" alt=\"\" srcset=\"https:\/\/www.protea.org.br\/wp-content\/uploads\/2025\/07\/missao.png 881w, https:\/\/www.protea.org.br\/wp-content\/uploads\/2025\/07\/missao-300x300.png 300w, https:\/\/www.protea.org.br\/wp-content\/uploads\/2025\/07\/missao-150x150.png 150w, https:\/\/www.protea.org.br\/wp-content\/uploads\/2025\/07\/missao-768x768.png 768w, https:\/\/www.protea.org.br\/wp-content\/uploads\/2025\/07\/missao-12x12.png 12w\" sizes=\"(max-width: 800px) 100vw, 800px\" \/>\t\t\t\t\t\t\t\t\t\t\t\t\t\t\t<\/div>\n\t\t\t\t<\/div>\n\t\t\t\t<div class=\"elementor-element elementor-element-5e7673b elementor-widget elementor-widget-heading\" data-id=\"5e7673b\" data-element_type=\"widget\" data-e-type=\"widget\" data-widget_type=\"heading.default\">\n\t\t\t\t<div class=\"elementor-widget-container\">\n\t\t\t\t\t<h2 class=\"elementor-heading-title elementor-size-default\">Mission<\/h2>\t\t\t\t<\/div>\n\t\t\t\t<\/div>\n\t\t\t\t<div class=\"elementor-element elementor-element-499a6b7 elementor-widget elementor-widget-text-editor\" data-id=\"499a6b7\" data-element_type=\"widget\" data-e-type=\"widget\" data-widget_type=\"text-editor.default\">\n\t\t\t\t<div class=\"elementor-widget-container\">\n\t\t\t\t\t\t\t\t\t<p>To promote early diagnosis and expand access to high-quality breast cancer treatment for low-income women.<\/p>\t\t\t\t\t\t\t\t<\/div>\n\t\t\t\t<\/div>\n\t\t\t\t<\/div>\n\t\t<div class=\"elementor-element elementor-element-3930713 e-con-full e-flex e-con e-child\" data-id=\"3930713\" data-element_type=\"container\" data-e-type=\"container\" data-settings=\"{&quot;background_background&quot;:&quot;classic&quot;}\">\n\t\t\t\t<div class=\"elementor-element elementor-element-9ebbc54 elementor-widget__width-initial elementor-widget elementor-widget-image\" data-id=\"9ebbc54\" data-element_type=\"widget\" data-e-type=\"widget\" data-widget_type=\"image.default\">\n\t\t\t\t<div class=\"elementor-widget-container\">\n\t\t\t\t\t\t\t\t\t\t\t\t\t\t\t<img loading=\"lazy\" decoding=\"async\" width=\"800\" height=\"800\" src=\"https:\/\/www.protea.org.br\/wp-content\/uploads\/2025\/07\/visao.png\" class=\"attachment-large size-large wp-image-5411\" alt=\"\" srcset=\"https:\/\/www.protea.org.br\/wp-content\/uploads\/2025\/07\/visao.png 881w, https:\/\/www.protea.org.br\/wp-content\/uploads\/2025\/07\/visao-300x300.png 300w, https:\/\/www.protea.org.br\/wp-content\/uploads\/2025\/07\/visao-150x150.png 150w, https:\/\/www.protea.org.br\/wp-content\/uploads\/2025\/07\/visao-768x768.png 768w, https:\/\/www.protea.org.br\/wp-content\/uploads\/2025\/07\/visao-12x12.png 12w\" sizes=\"(max-width: 800px) 100vw, 800px\" \/>\t\t\t\t\t\t\t\t\t\t\t\t\t\t\t<\/div>\n\t\t\t\t<\/div>\n\t\t\t\t<div class=\"elementor-element elementor-element-d0ae1ab elementor-widget elementor-widget-heading\" data-id=\"d0ae1ab\" data-element_type=\"widget\" data-e-type=\"widget\" data-widget_type=\"heading.default\">\n\t\t\t\t<div class=\"elementor-widget-container\">\n\t\t\t\t\t<h2 class=\"elementor-heading-title elementor-size-default\"><b>Vision<\/b><\/h2>\t\t\t\t<\/div>\n\t\t\t\t<\/div>\n\t\t\t\t<div class=\"elementor-element elementor-element-76841ef elementor-widget elementor-widget-text-editor\" data-id=\"76841ef\" data-element_type=\"widget\" data-e-type=\"widget\" data-widget_type=\"text-editor.default\">\n\t\t\t\t<div class=\"elementor-widget-container\">\n\t\t\t\t\t\t\t\t\t<p>To contribute to the reduction of the breast cancer mortality rate in Brazil.<\/p>\t\t\t\t\t\t\t\t<\/div>\n\t\t\t\t<\/div>\n\t\t\t\t<\/div>\n\t\t<div class=\"elementor-element elementor-element-6f3d678 e-con-full e-flex e-con e-child\" data-id=\"6f3d678\" data-element_type=\"container\" data-e-type=\"container\" data-settings=\"{&quot;background_background&quot;:&quot;classic&quot;}\">\n\t\t\t\t<div class=\"elementor-element elementor-element-21cff06 elementor-widget elementor-widget-image\" data-id=\"21cff06\" data-element_type=\"widget\" data-e-type=\"widget\" data-widget_type=\"image.default\">\n\t\t\t\t<div class=\"elementor-widget-container\">\n\t\t\t\t\t\t\t\t\t\t\t\t\t\t\t<img loading=\"lazy\" decoding=\"async\" width=\"800\" height=\"800\" src=\"https:\/\/www.protea.org.br\/wp-content\/uploads\/2025\/07\/valores.png\" class=\"attachment-large size-large wp-image-5412\" alt=\"\" srcset=\"https:\/\/www.protea.org.br\/wp-content\/uploads\/2025\/07\/valores.png 881w, https:\/\/www.protea.org.br\/wp-content\/uploads\/2025\/07\/valores-300x300.png 300w, https:\/\/www.protea.org.br\/wp-content\/uploads\/2025\/07\/valores-150x150.png 150w, https:\/\/www.protea.org.br\/wp-content\/uploads\/2025\/07\/valores-768x768.png 768w, https:\/\/www.protea.org.br\/wp-content\/uploads\/2025\/07\/valores-12x12.png 12w\" sizes=\"(max-width: 800px) 100vw, 800px\" \/>\t\t\t\t\t\t\t\t\t\t\t\t\t\t\t<\/div>\n\t\t\t\t<\/div>\n\t\t\t\t<div class=\"elementor-element elementor-element-146d64b elementor-widget elementor-widget-heading\" data-id=\"146d64b\" data-element_type=\"widget\" data-e-type=\"widget\" data-widget_type=\"heading.default\">\n\t\t\t\t<div class=\"elementor-widget-container\">\n\t\t\t\t\t<h2 class=\"elementor-heading-title elementor-size-default\"><b>Values<\/b><\/h2>\t\t\t\t<\/div>\n\t\t\t\t<\/div>\n\t\t\t\t<div class=\"elementor-element elementor-element-2cc143b elementor-widget elementor-widget-text-editor\" data-id=\"2cc143b\" data-element_type=\"widget\" data-e-type=\"widget\" data-widget_type=\"text-editor.default\">\n\t\t\t\t<div class=\"elementor-widget-container\">\n\t\t\t\t\t\t\t\t\t<p>Equality<br \/>Dignity<br \/>Quality<br \/>Solidarity<\/p>\t\t\t\t\t\t\t\t<\/div>\n\t\t\t\t<\/div>\n\t\t\t\t<\/div>\n\t\t\t\t\t<\/div>\n\t\t\t\t<\/div>\n\t\t\t\t<\/div>\n\t\t<div class=\"elementor-element elementor-element-6bc521b e-flex e-con-boxed e-con e-parent\" data-id=\"6bc521b\" data-element_type=\"container\" data-e-type=\"container\" data-settings=\"{&quot;background_background&quot;:&quot;classic&quot;}\">\n\t\t\t\t\t<div class=\"e-con-inner\">\n\t\t<div class=\"elementor-element elementor-element-a27439e e-flex e-con-boxed e-con e-child\" data-id=\"a27439e\" data-element_type=\"container\" data-e-type=\"container\" data-settings=\"{&quot;background_background&quot;:&quot;classic&quot;}\">\n\t\t\t\t\t<div class=\"e-con-inner\">\n\t\t<div class=\"elementor-element elementor-element-7df270a e-con-full e-flex e-con e-child\" data-id=\"7df270a\" data-element_type=\"container\" data-e-type=\"container\">\n\t\t\t\t<div class=\"elementor-element elementor-element-cb7d340 elementor-widget elementor-widget-text-editor\" data-id=\"cb7d340\" data-element_type=\"widget\" data-e-type=\"widget\" data-widget_type=\"text-editor.default\">\n\t\t\t\t<div class=\"elementor-widget-container\">\n\t\t\t\t\t\t\t\t\t<p><b>Articles of Association<\/b><\/p>\t\t\t\t\t\t\t\t<\/div>\n\t\t\t\t<\/div>\n\t\t\t\t<\/div>\n\t\t<div class=\"elementor-element elementor-element-b5d4db2 e-con-full e-flex e-con e-child\" data-id=\"b5d4db2\" data-element_type=\"container\" data-e-type=\"container\">\n\t\t\t\t<div class=\"elementor-element elementor-element-e379416 elementor-widget elementor-widget-text-editor\" data-id=\"e379416\" data-element_type=\"widget\" data-e-type=\"widget\" data-widget_type=\"text-editor.default\">\n\t\t\t\t<div class=\"elementor-widget-container\">\n\t\t\t\t\t\t\t\t\t<p>As part of our commitment to transparency within our organization, our Articles of Association, which are registered with the notary public, can be found here.<\/p>\t\t\t\t\t\t\t\t<\/div>\n\t\t\t\t<\/div>\n\t\t\t\t<div class=\"elementor-element elementor-element-36263f2 elementor-widget elementor-widget-button\" data-id=\"36263f2\" data-element_type=\"widget\" data-e-type=\"widget\" data-widget_type=\"button.default\">\n\t\t\t\t<div class=\"elementor-widget-container\">\n\t\t\t\t\t\t\t\t\t<div class=\"elementor-button-wrapper\">\n\t\t\t\t\t<a class=\"elementor-button elementor-button-link elementor-size-sm\" href=\"https:\/\/www.protea.org.br\/wp-content\/uploads\/2025\/03\/Estatuto-Social.pdf\" target=\"_blank\">\n\t\t\t\t\t\t<span class=\"elementor-button-content-wrapper\">\n\t\t\t\t\t\t<span class=\"elementor-button-icon\">\n\t\t\t\t<i aria-hidden=\"true\" class=\"fas fa-file-download\"><\/i>\t\t\t<\/span>\n\t\t\t\t\t\t\t\t\t<span class=\"elementor-button-text\">Download Articles of Association<\/span>\n\t\t\t\t\t<\/span>\n\t\t\t\t\t<\/a>\n\t\t\t\t<\/div>\n\t\t\t\t\t\t\t\t<\/div>\n\t\t\t\t<\/div>\n\t\t\t\t<\/div>\n\t\t\t\t\t<\/div>\n\t\t\t\t<\/div>\n\t\t\t\t\t<\/div>\n\t\t\t\t<\/div>\n\t\t<div class=\"elementor-element elementor-element-eed58b9 e-flex e-con-boxed e-con e-parent\" data-id=\"eed58b9\" data-element_type=\"container\" data-e-type=\"container\">\n\t\t\t\t\t<div class=\"e-con-inner\">\n\t\t\t\t\t<\/div>\n\t\t\t\t<\/div>\n\t\t\t\t<\/div>","protected":false},"excerpt":{"rendered":"<p>Conhe\u00e7a o Protea O\u00a0Instituto Protea \u00e9 uma organiza\u00e7\u00e3o sem fins lucrativos fundada em 2018, dedicada a reduzir a taxa de mortalidade do c\u00e2ncer de mama no Brasil. Doe PIX Copiar PIX Copiar PIX Copiar Para isso, atuamos em\u00a02 grandes eixos estrat\u00e9gicos: tratamento e diagn\u00f3stico precoce.\u00a0Custeamos o tratamento do c\u00e2ncer de mama de mulheres de baixa [&hellip;]<\/p>\n","protected":false},"author":6,"featured_media":0,"parent":0,"menu_order":0,"comment_status":"closed","ping_status":"closed","template":"","meta":{"iawp_total_views":3801,"footnotes":""},"class_list":["post-5374","page","type-page","status-publish","hentry"],"yoast_head":"<!-- This site is optimized with the Yoast SEO plugin v28.4 - https:\/\/yoast.com\/product\/yoast-seo-wordpress\/ -->\n<title>Quem Somos - Protea<\/title>\n<meta name=\"robots\" content=\"index, follow, max-snippet:-1, max-image-preview:large, max-video-preview:-1\" \/>\n<link rel=\"canonical\" href=\"https:\/\/www.protea.org.br\/en\/quem-somos\/\" \/>\n<meta property=\"og:locale\" content=\"en_US\" \/>\n<meta property=\"og:type\" content=\"article\" \/>\n<meta property=\"og:title\" content=\"Quem Somos - Protea\" \/>\n<meta property=\"og:description\" content=\"Conhe\u00e7a o Protea O\u00a0Instituto Protea \u00e9 uma organiza\u00e7\u00e3o sem fins lucrativos fundada em 2018, dedicada a reduzir a taxa de mortalidade do c\u00e2ncer de mama no Brasil. Doe PIX Copiar PIX Copiar PIX Copiar Para isso, atuamos em\u00a02 grandes eixos estrat\u00e9gicos: tratamento e diagn\u00f3stico precoce.\u00a0Custeamos o tratamento do c\u00e2ncer de mama de mulheres de baixa [&hellip;]\" \/>\n<meta property=\"og:url\" content=\"https:\/\/www.protea.org.br\/en\/quem-somos\/\" \/>\n<meta property=\"og:site_name\" content=\"Protea\" \/>\n<meta property=\"article:modified_time\" content=\"2026-07-27T04:07:11+00:00\" \/>\n<meta property=\"og:image\" content=\"https:\/\/www.protea.org.br\/wp-content\/uploads\/2025\/09\/protea-transfira-o-valor-que-desejar.jpg\" \/>\n\t<meta property=\"og:image:width\" content=\"700\" \/>\n\t<meta property=\"og:image:height\" content=\"305\" \/>\n\t<meta property=\"og:image:type\" content=\"image\/jpeg\" \/>\n<meta name=\"twitter:card\" content=\"summary_large_image\" \/>\n<meta name=\"twitter:label1\" content=\"Est. reading time\" \/>\n\t<meta name=\"twitter:data1\" content=\"6 minutes\" \/>\n<script type=\"application\/ld+json\" class=\"yoast-schema-graph\">{\"@context\":\"https:\\\/\\\/schema.org\",\"@graph\":[{\"@type\":\"WebPage\",\"@id\":\"https:\\\/\\\/www.protea.org.br\\\/quem-somos\\\/\",\"url\":\"https:\\\/\\\/www.protea.org.br\\\/quem-somos\\\/\",\"name\":\"Quem Somos - Protea\",\"isPartOf\":{\"@id\":\"https:\\\/\\\/www.protea.org.br\\\/#website\"},\"primaryImageOfPage\":{\"@id\":\"https:\\\/\\\/www.protea.org.br\\\/quem-somos\\\/#primaryimage\"},\"image\":{\"@id\":\"https:\\\/\\\/www.protea.org.br\\\/quem-somos\\\/#primaryimage\"},\"thumbnailUrl\":\"https:\\\/\\\/www.protea.org.br\\\/wp-content\\\/uploads\\\/2025\\\/09\\\/protea-transfira-o-valor-que-desejar.jpg\",\"datePublished\":\"2025-07-30T01:32:43+00:00\",\"dateModified\":\"2026-07-27T04:07:11+00:00\",\"breadcrumb\":{\"@id\":\"https:\\\/\\\/www.protea.org.br\\\/quem-somos\\\/#breadcrumb\"},\"inLanguage\":\"en-US\",\"potentialAction\":[{\"@type\":\"ReadAction\",\"target\":[\"https:\\\/\\\/www.protea.org.br\\\/quem-somos\\\/\"]}]},{\"@type\":\"ImageObject\",\"inLanguage\":\"en-US\",\"@id\":\"https:\\\/\\\/www.protea.org.br\\\/quem-somos\\\/#primaryimage\",\"url\":\"https:\\\/\\\/www.protea.org.br\\\/wp-content\\\/uploads\\\/2025\\\/09\\\/protea-transfira-o-valor-que-desejar.jpg\",\"contentUrl\":\"https:\\\/\\\/www.protea.org.br\\\/wp-content\\\/uploads\\\/2025\\\/09\\\/protea-transfira-o-valor-que-desejar.jpg\"},{\"@type\":\"BreadcrumbList\",\"@id\":\"https:\\\/\\\/www.protea.org.br\\\/quem-somos\\\/#breadcrumb\",\"itemListElement\":[{\"@type\":\"ListItem\",\"position\":1,\"name\":\"In\u00edcio\",\"item\":\"https:\\\/\\\/www.protea.org.br\\\/\"},{\"@type\":\"ListItem\",\"position\":2,\"name\":\"Quem Somos\"}]},{\"@type\":\"WebSite\",\"@id\":\"https:\\\/\\\/www.protea.org.br\\\/#website\",\"url\":\"https:\\\/\\\/www.protea.org.br\\\/\",\"name\":\"Protea\",\"description\":\"Tudo pela cura do c\u00e2ncer de mama.\",\"publisher\":{\"@id\":\"https:\\\/\\\/www.protea.org.br\\\/#organization\"},\"potentialAction\":[{\"@type\":\"SearchAction\",\"target\":{\"@type\":\"EntryPoint\",\"urlTemplate\":\"https:\\\/\\\/www.protea.org.br\\\/?s={search_term_string}\"},\"query-input\":{\"@type\":\"PropertyValueSpecification\",\"valueRequired\":true,\"valueName\":\"search_term_string\"}}],\"inLanguage\":\"en-US\"},{\"@type\":\"Organization\",\"@id\":\"https:\\\/\\\/www.protea.org.br\\\/#organization\",\"name\":\"Protea\",\"url\":\"https:\\\/\\\/www.protea.org.br\\\/\",\"logo\":{\"@type\":\"ImageObject\",\"inLanguage\":\"en-US\",\"@id\":\"https:\\\/\\\/www.protea.org.br\\\/#\\\/schema\\\/logo\\\/image\\\/\",\"url\":\"https:\\\/\\\/www.protea.org.br\\\/wp-content\\\/uploads\\\/2022\\\/04\\\/protea-logotipo.png\",\"contentUrl\":\"https:\\\/\\\/www.protea.org.br\\\/wp-content\\\/uploads\\\/2022\\\/04\\\/protea-logotipo.png\",\"width\":1222,\"height\":363,\"caption\":\"Protea\"},\"image\":{\"@id\":\"https:\\\/\\\/www.protea.org.br\\\/#\\\/schema\\\/logo\\\/image\\\/\"}}]}<\/script>\n<!-- \/ Yoast SEO plugin. -->","yoast_head_json":{"title":"Quem Somos - Protea","robots":{"index":"index","follow":"follow","max-snippet":"max-snippet:-1","max-image-preview":"max-image-preview:large","max-video-preview":"max-video-preview:-1"},"canonical":"https:\/\/www.protea.org.br\/en\/quem-somos\/","og_locale":"en_US","og_type":"article","og_title":"Quem Somos - Protea","og_description":"Conhe\u00e7a o Protea O\u00a0Instituto Protea \u00e9 uma organiza\u00e7\u00e3o sem fins lucrativos fundada em 2018, dedicada a reduzir a taxa de mortalidade do c\u00e2ncer de mama no Brasil. Doe PIX Copiar PIX Copiar PIX Copiar Para isso, atuamos em\u00a02 grandes eixos estrat\u00e9gicos: tratamento e diagn\u00f3stico precoce.\u00a0Custeamos o tratamento do c\u00e2ncer de mama de mulheres de baixa [&hellip;]","og_url":"https:\/\/www.protea.org.br\/en\/quem-somos\/","og_site_name":"Protea","article_modified_time":"2026-07-27T04:07:11+00:00","og_image":[{"width":700,"height":305,"url":"https:\/\/www.protea.org.br\/wp-content\/uploads\/2025\/09\/protea-transfira-o-valor-que-desejar.jpg","type":"image\/jpeg"}],"twitter_card":"summary_large_image","twitter_misc":{"Est. reading time":"6 minutes"},"schema":{"@context":"https:\/\/schema.org","@graph":[{"@type":"WebPage","@id":"https:\/\/www.protea.org.br\/quem-somos\/","url":"https:\/\/www.protea.org.br\/quem-somos\/","name":"Quem Somos - Protea","isPartOf":{"@id":"https:\/\/www.protea.org.br\/#website"},"primaryImageOfPage":{"@id":"https:\/\/www.protea.org.br\/quem-somos\/#primaryimage"},"image":{"@id":"https:\/\/www.protea.org.br\/quem-somos\/#primaryimage"},"thumbnailUrl":"https:\/\/www.protea.org.br\/wp-content\/uploads\/2025\/09\/protea-transfira-o-valor-que-desejar.jpg","datePublished":"2025-07-30T01:32:43+00:00","dateModified":"2026-07-27T04:07:11+00:00","breadcrumb":{"@id":"https:\/\/www.protea.org.br\/quem-somos\/#breadcrumb"},"inLanguage":"en-US","potentialAction":[{"@type":"ReadAction","target":["https:\/\/www.protea.org.br\/quem-somos\/"]}]},{"@type":"ImageObject","inLanguage":"en-US","@id":"https:\/\/www.protea.org.br\/quem-somos\/#primaryimage","url":"https:\/\/www.protea.org.br\/wp-content\/uploads\/2025\/09\/protea-transfira-o-valor-que-desejar.jpg","contentUrl":"https:\/\/www.protea.org.br\/wp-content\/uploads\/2025\/09\/protea-transfira-o-valor-que-desejar.jpg"},{"@type":"BreadcrumbList","@id":"https:\/\/www.protea.org.br\/quem-somos\/#breadcrumb","itemListElement":[{"@type":"ListItem","position":1,"name":"In\u00edcio","item":"https:\/\/www.protea.org.br\/"},{"@type":"ListItem","position":2,"name":"Quem Somos"}]},{"@type":"WebSite","@id":"https:\/\/www.protea.org.br\/#website","url":"https:\/\/www.protea.org.br\/","name":"The Protea","description":"Tudo pela cura do c\u00e2ncer de mama.","publisher":{"@id":"https:\/\/www.protea.org.br\/#organization"},"potentialAction":[{"@type":"SearchAction","target":{"@type":"EntryPoint","urlTemplate":"https:\/\/www.protea.org.br\/?s={search_term_string}"},"query-input":{"@type":"PropertyValueSpecification","valueRequired":true,"valueName":"search_term_string"}}],"inLanguage":"en-US"},{"@type":"Organization","@id":"https:\/\/www.protea.org.br\/#organization","name":"The Protea","url":"https:\/\/www.protea.org.br\/","logo":{"@type":"ImageObject","inLanguage":"en-US","@id":"https:\/\/www.protea.org.br\/#\/schema\/logo\/image\/","url":"https:\/\/www.protea.org.br\/wp-content\/uploads\/2022\/04\/protea-logotipo.png","contentUrl":"https:\/\/www.protea.org.br\/wp-content\/uploads\/2022\/04\/protea-logotipo.png","width":1222,"height":363,"caption":"Protea"},"image":{"@id":"https:\/\/www.protea.org.br\/#\/schema\/logo\/image\/"}}]}},"_links":{"self":[{"href":"https:\/\/www.protea.org.br\/en\/wp-json\/wp\/v2\/pages\/5374","targetHints":{"allow":["GET"]}}],"collection":[{"href":"https:\/\/www.protea.org.br\/en\/wp-json\/wp\/v2\/pages"}],"about":[{"href":"https:\/\/www.protea.org.br\/en\/wp-json\/wp\/v2\/types\/page"}],"author":[{"embeddable":true,"href":"https:\/\/www.protea.org.br\/en\/wp-json\/wp\/v2\/users\/6"}],"replies":[{"embeddable":true,"href":"https:\/\/www.protea.org.br\/en\/wp-json\/wp\/v2\/comments?post=5374"}],"version-history":[{"count":55,"href":"https:\/\/www.protea.org.br\/en\/wp-json\/wp\/v2\/pages\/5374\/revisions"}],"predecessor-version":[{"id":8967,"href":"https:\/\/www.protea.org.br\/en\/wp-json\/wp\/v2\/pages\/5374\/revisions\/8967"}],"wp:attachment":[{"href":"https:\/\/www.protea.org.br\/en\/wp-json\/wp\/v2\/media?parent=5374"}],"curies":[{"name":"wp","href":"https:\/\/api.w.org\/{rel}","templated":true}]}}